{"id":3736,"date":"2023-10-31T18:57:32","date_gmt":"2023-10-31T18:57:32","guid":{"rendered":"http:\/\/www.kanha.ca\/SEC\/?page_id=3736"},"modified":"2026-01-08T15:55:45","modified_gmt":"2026-01-08T15:55:45","slug":"formations","status":"publish","type":"page","link":"https:\/\/www.carrefourfgafp.ca\/ServicesEducatifsComplementaires\/formations\/","title":{"rendered":"Webinaires"},"content":{"rendered":"\n<div class=\"wp-block-stackable-hero alignfull stk-block-hero stk-block stk-67d0dc6 stk-block-background stk--has-background-overlay\" data-v=\"2\" data-block-id=\"67d0dc6\"><style>.stk-67d0dc6-inner-blocks{align-items:center !important;}.stk-67d0dc6 {background-color:linear-gradient(90deg, #006ba1 0%, #7bdcb5 100%) !important;background-image:url(https:\/\/www.carrefourfgafp.ca\/ServicesEducatifsComplementaires\/wp-content\/uploads\/2025\/06\/a-diverse-group-of-adults-at-work-enjoying-a-casual-meeting-indoors-with-focus-and-smiles.-1595391-scaled.jpg) !important;box-shadow:none !important;min-height:0px !important;align-items:center !important;margin-bottom:0px !important;display:flex !important;}.stk-67d0dc6:before{opacity:0.9 !important;background-image:linear-gradient(90deg, #006ba1 0%, #7bdcb5 100%) !important;}.stk-67d0dc6 .stk-block-hero__content{min-height:250px !important;align-items:center !important;max-width:1200px !important;min-width:auto !important;display:flex !important;}@media screen and (max-width: 767px){.stk-67d0dc6 .stk-block-hero__content{min-height:120px !important;}}<\/style><div class=\"stk-block-hero__content stk-content-align stk-67d0dc6-column alignwide stk-container stk-67d0dc6-container stk--no-background stk--no-padding\"><div class=\"stk-block-content stk-inner-blocks has-text-align-center stk--column-flex stk-67d0dc6-inner-blocks\">\n<div class=\"wp-block-stackable-heading stk-block-heading stk-block-heading--v2 stk-block stk-2fa2283\" id=\"strong-services-educatifs-complementaires-en-formation-professionnelle-des-outils-pour-mieux-accompagner-les-eleves-strong\" data-block-id=\"2fa2283\"><style>.stk-2fa2283 .stk-block-heading__text{text-shadow:0px 0px 5px #00000066 !important;color:var(--ast-global-color-5) !important;}<\/style><h1 class=\"stk-block-heading__text has-text-color has-text-align-left\">Trouver un webinaire pour vous<\/h1><\/div>\n\n\n\n<p><a href=\"https:\/\/www.carrefourfgafp.com\/SEC\/category\/soutien-a-lapprentissage\/\" target=\"_blank\" rel=\"noopener\"><\/a><\/p>\n<\/div><\/div><\/div>\n\n\n\n<div class=\"wp-block-uagb-container uagb-block-09de5cfd default uagb-is-root-container\"><style>.kb-posts-id-3736_2ce9b8-13 .entry.loop-entry .entry-header .entry-title{font-size:19px;}<\/style><div class=\"wp-block-kadence-posts kb-posts kb-posts-id-3736_2ce9b8-13 content-wrap grid-cols kb-posts-style-boxed grid-sm-col-2 grid-lg-col-3 item-image-style-above\"><article class=\"entry content-bg loop-entry post-10181 post type-post status-publish format-standard has-post-thumbnail hentry category-uncategorized\">\n\t\t\t<a class=\"post-thumbnail kadence-thumbnail-ratio-2-3\" href=\"https:\/\/www.carrefourfgafp.ca\/ServicesEducatifsComplementaires\/2026\/03\/23\/soutenir-lequilibre-des-eleves-entre-travail-etudes-et-vie-personnelle\/\">\n\t\t\t<div class=\"post-thumbnail-inner\">\n\t\t\t\t<img loading=\"lazy\" decoding=\"async\" width=\"768\" height=\"578\" src=\"https:\/\/www.carrefourfgafp.ca\/ServicesEducatifsComplementaires\/wp-content\/uploads\/2026\/03\/AdobeStock_1068432649-768x578.jpeg\" class=\"attachment-medium_large size-medium_large wp-post-image\" alt=\"Soutenir l\u2019\u00e9quilibre des \u00e9l\u00e8ves entre travail, \u00e9tudes et vie personnelle\" srcset=\"https:\/\/www.carrefourfgafp.ca\/ServicesEducatifsComplementaires\/wp-content\/uploads\/2026\/03\/AdobeStock_1068432649-768x578.jpeg 768w, https:\/\/www.carrefourfgafp.ca\/ServicesEducatifsComplementaires\/wp-content\/uploads\/2026\/03\/AdobeStock_1068432649-300x226.jpeg 300w, https:\/\/www.carrefourfgafp.ca\/ServicesEducatifsComplementaires\/wp-content\/uploads\/2026\/03\/AdobeStock_1068432649-1024x771.jpeg 1024w, https:\/\/www.carrefourfgafp.ca\/ServicesEducatifsComplementaires\/wp-content\/uploads\/2026\/03\/AdobeStock_1068432649-1536x1157.jpeg 1536w, https:\/\/www.carrefourfgafp.ca\/ServicesEducatifsComplementaires\/wp-content\/uploads\/2026\/03\/AdobeStock_1068432649-2048x1543.jpeg 2048w\" sizes=\"auto, (max-width: 768px) 100vw, 768px\" \/>\t\t\t<\/div>\n\t\t<\/a><!-- .post-thumbnail -->\n\t\t\t<div class=\"entry-content-wrap\">\n\t\t<header class=\"entry-header\">\n\t<h3 class=\"entry-title\"><a href=\"https:\/\/www.carrefourfgafp.ca\/ServicesEducatifsComplementaires\/2026\/03\/23\/soutenir-lequilibre-des-eleves-entre-travail-etudes-et-vie-personnelle\/\" rel=\"bookmark\">Soutenir l\u2019\u00e9quilibre des \u00e9l\u00e8ves entre travail, \u00e9tudes et vie personnelle<\/a><\/h3>\t<div class=\"entry-meta entry-meta-divider-dot\">\n\t\t<\/div><!-- .entry-meta -->\n\t<\/header><!-- .entry-header -->\n<footer class=\"entry-footer\">\n\t\t\t<div class=\"entry-actions\">\n\t\t\t<p class=\"more-link-wrap\">\n\t\t\t\t<a href=\"https:\/\/www.carrefourfgafp.ca\/ServicesEducatifsComplementaires\/2026\/03\/23\/soutenir-lequilibre-des-eleves-entre-travail-etudes-et-vie-personnelle\/\" class=\"post-more-link\">\n\t\t\t\t\tLire plus<span class=\"screen-reader-text\"> Soutenir l\u2019\u00e9quilibre des \u00e9l\u00e8ves entre travail, \u00e9tudes et vie personnelle<\/span><span class=\"kadence-svg-iconset svg-baseline\"><svg aria-hidden=\"true\" class=\"kadence-svg-icon kadence-arrow-right-alt-svg\" fill=\"currentColor\" version=\"1.1\" xmlns=\"http:\/\/www.w3.org\/2000\/svg\" width=\"27\" height=\"28\" viewBox=\"0 0 27 28\"><title>Continue<\/title><path d=\"M27 13.953c0 0.141-0.063 0.281-0.156 0.375l-6 5.531c-0.156 0.141-0.359 0.172-0.547 0.094-0.172-0.078-0.297-0.25-0.297-0.453v-3.5h-19.5c-0.281 0-0.5-0.219-0.5-0.5v-3c0-0.281 0.219-0.5 0.5-0.5h19.5v-3.5c0-0.203 0.109-0.375 0.297-0.453s0.391-0.047 0.547 0.078l6 5.469c0.094 0.094 0.156 0.219 0.156 0.359v0z\"><\/path>\n\t\t\t<\/svg><\/span>\t\t\t\t<\/a>\n\t\t\t<\/p>\n\t\t<\/div><!-- .entry-actions -->\n\t\t<\/footer><!-- .entry-footer -->\t<\/div>\n<\/article>\n<article class=\"entry content-bg loop-entry post-10014 post type-post status-publish format-standard has-post-thumbnail hentry category-uncategorized\">\n\t\t\t<a class=\"post-thumbnail kadence-thumbnail-ratio-2-3\" href=\"https:\/\/www.carrefourfgafp.ca\/ServicesEducatifsComplementaires\/2026\/02\/09\/violence-educative-ordinaire-cest-laffaire-de-tous-mais-ca-commence-par-soi\/\">\n\t\t\t<div class=\"post-thumbnail-inner\">\n\t\t\t\t<img loading=\"lazy\" decoding=\"async\" width=\"768\" height=\"430\" src=\"https:\/\/www.carrefourfgafp.ca\/ServicesEducatifsComplementaires\/wp-content\/uploads\/2026\/02\/AdobeStock_900439574-768x430.jpeg\" class=\"attachment-medium_large size-medium_large wp-post-image\" alt=\"Violence \u00e9ducative ordinaire, c&rsquo;est l&rsquo;affaire de tous, mais \u00e7a commence par soi\" srcset=\"https:\/\/www.carrefourfgafp.ca\/ServicesEducatifsComplementaires\/wp-content\/uploads\/2026\/02\/AdobeStock_900439574-768x430.jpeg 768w, https:\/\/www.carrefourfgafp.ca\/ServicesEducatifsComplementaires\/wp-content\/uploads\/2026\/02\/AdobeStock_900439574-300x168.jpeg 300w, https:\/\/www.carrefourfgafp.ca\/ServicesEducatifsComplementaires\/wp-content\/uploads\/2026\/02\/AdobeStock_900439574-1024x574.jpeg 1024w, https:\/\/www.carrefourfgafp.ca\/ServicesEducatifsComplementaires\/wp-content\/uploads\/2026\/02\/AdobeStock_900439574-1536x861.jpeg 1536w, https:\/\/www.carrefourfgafp.ca\/ServicesEducatifsComplementaires\/wp-content\/uploads\/2026\/02\/AdobeStock_900439574-2048x1148.jpeg 2048w\" sizes=\"auto, (max-width: 768px) 100vw, 768px\" \/>\t\t\t<\/div>\n\t\t<\/a><!-- .post-thumbnail -->\n\t\t\t<div class=\"entry-content-wrap\">\n\t\t<header class=\"entry-header\">\n\t<h3 class=\"entry-title\"><a href=\"https:\/\/www.carrefourfgafp.ca\/ServicesEducatifsComplementaires\/2026\/02\/09\/violence-educative-ordinaire-cest-laffaire-de-tous-mais-ca-commence-par-soi\/\" rel=\"bookmark\">Violence \u00e9ducative ordinaire, c&rsquo;est l&rsquo;affaire de tous, mais \u00e7a commence par soi<\/a><\/h3>\t<div class=\"entry-meta entry-meta-divider-dot\">\n\t\t<\/div><!-- .entry-meta -->\n\t<\/header><!-- .entry-header -->\n<footer class=\"entry-footer\">\n\t\t\t<div class=\"entry-actions\">\n\t\t\t<p class=\"more-link-wrap\">\n\t\t\t\t<a href=\"https:\/\/www.carrefourfgafp.ca\/ServicesEducatifsComplementaires\/2026\/02\/09\/violence-educative-ordinaire-cest-laffaire-de-tous-mais-ca-commence-par-soi\/\" class=\"post-more-link\">\n\t\t\t\t\tLire plus<span class=\"screen-reader-text\"> Violence \u00e9ducative ordinaire, c&rsquo;est l&rsquo;affaire de tous, mais \u00e7a commence par soi<\/span><span class=\"kadence-svg-iconset svg-baseline\"><svg aria-hidden=\"true\" class=\"kadence-svg-icon kadence-arrow-right-alt-svg\" fill=\"currentColor\" version=\"1.1\" xmlns=\"http:\/\/www.w3.org\/2000\/svg\" width=\"27\" height=\"28\" viewBox=\"0 0 27 28\"><title>Continue<\/title><path d=\"M27 13.953c0 0.141-0.063 0.281-0.156 0.375l-6 5.531c-0.156 0.141-0.359 0.172-0.547 0.094-0.172-0.078-0.297-0.25-0.297-0.453v-3.5h-19.5c-0.281 0-0.5-0.219-0.5-0.5v-3c0-0.281 0.219-0.5 0.5-0.5h19.5v-3.5c0-0.203 0.109-0.375 0.297-0.453s0.391-0.047 0.547 0.078l6 5.469c0.094 0.094 0.156 0.219 0.156 0.359v0z\"><\/path>\n\t\t\t<\/svg><\/span>\t\t\t\t<\/a>\n\t\t\t<\/p>\n\t\t<\/div><!-- .entry-actions -->\n\t\t<\/footer><!-- .entry-footer -->\t<\/div>\n<\/article>\n<article class=\"entry content-bg loop-entry post-10010 post type-post status-publish format-standard has-post-thumbnail hentry category-uncategorized\">\n\t\t\t<a class=\"post-thumbnail kadence-thumbnail-ratio-2-3\" href=\"https:\/\/www.carrefourfgafp.ca\/ServicesEducatifsComplementaires\/2026\/02\/09\/lart-de-la-collaboration-strategies-gagnantes-pour-les-equipes-multidisciplinaires-2\/\">\n\t\t\t<div class=\"post-thumbnail-inner\">\n\t\t\t\t<img loading=\"lazy\" decoding=\"async\" width=\"768\" height=\"512\" src=\"https:\/\/www.carrefourfgafp.ca\/ServicesEducatifsComplementaires\/wp-content\/uploads\/2024\/04\/AdobeStock_316839352-768x512.jpeg\" class=\"attachment-medium_large size-medium_large wp-post-image\" alt=\"L&rsquo;art de la collaboration : Strat\u00e9gies gagnantes pour les \u00e9quipes multidisciplinaires\" srcset=\"https:\/\/www.carrefourfgafp.ca\/ServicesEducatifsComplementaires\/wp-content\/uploads\/2024\/04\/AdobeStock_316839352-768x512.jpeg 768w, https:\/\/www.carrefourfgafp.ca\/ServicesEducatifsComplementaires\/wp-content\/uploads\/2024\/04\/AdobeStock_316839352-300x200.jpeg 300w, https:\/\/www.carrefourfgafp.ca\/ServicesEducatifsComplementaires\/wp-content\/uploads\/2024\/04\/AdobeStock_316839352-1024x683.jpeg 1024w, https:\/\/www.carrefourfgafp.ca\/ServicesEducatifsComplementaires\/wp-content\/uploads\/2024\/04\/AdobeStock_316839352-1536x1024.jpeg 1536w, https:\/\/www.carrefourfgafp.ca\/ServicesEducatifsComplementaires\/wp-content\/uploads\/2024\/04\/AdobeStock_316839352.jpeg 1620w\" sizes=\"auto, (max-width: 768px) 100vw, 768px\" \/>\t\t\t<\/div>\n\t\t<\/a><!-- .post-thumbnail -->\n\t\t\t<div class=\"entry-content-wrap\">\n\t\t<header class=\"entry-header\">\n\t<h3 class=\"entry-title\"><a href=\"https:\/\/www.carrefourfgafp.ca\/ServicesEducatifsComplementaires\/2026\/02\/09\/lart-de-la-collaboration-strategies-gagnantes-pour-les-equipes-multidisciplinaires-2\/\" rel=\"bookmark\">L&rsquo;art de la collaboration : Strat\u00e9gies gagnantes pour les \u00e9quipes multidisciplinaires<\/a><\/h3>\t<div class=\"entry-meta entry-meta-divider-dot\">\n\t\t<\/div><!-- .entry-meta -->\n\t<\/header><!-- .entry-header -->\n<footer class=\"entry-footer\">\n\t\t\t<div class=\"entry-actions\">\n\t\t\t<p class=\"more-link-wrap\">\n\t\t\t\t<a href=\"https:\/\/www.carrefourfgafp.ca\/ServicesEducatifsComplementaires\/2026\/02\/09\/lart-de-la-collaboration-strategies-gagnantes-pour-les-equipes-multidisciplinaires-2\/\" class=\"post-more-link\">\n\t\t\t\t\tLire plus<span class=\"screen-reader-text\"> L&rsquo;art de la collaboration : Strat\u00e9gies gagnantes pour les \u00e9quipes multidisciplinaires<\/span><span class=\"kadence-svg-iconset svg-baseline\"><svg aria-hidden=\"true\" class=\"kadence-svg-icon kadence-arrow-right-alt-svg\" fill=\"currentColor\" version=\"1.1\" xmlns=\"http:\/\/www.w3.org\/2000\/svg\" width=\"27\" height=\"28\" viewBox=\"0 0 27 28\"><title>Continue<\/title><path d=\"M27 13.953c0 0.141-0.063 0.281-0.156 0.375l-6 5.531c-0.156 0.141-0.359 0.172-0.547 0.094-0.172-0.078-0.297-0.25-0.297-0.453v-3.5h-19.5c-0.281 0-0.5-0.219-0.5-0.5v-3c0-0.281 0.219-0.5 0.5-0.5h19.5v-3.5c0-0.203 0.109-0.375 0.297-0.453s0.391-0.047 0.547 0.078l6 5.469c0.094 0.094 0.156 0.219 0.156 0.359v0z\"><\/path>\n\t\t\t<\/svg><\/span>\t\t\t\t<\/a>\n\t\t\t<\/p>\n\t\t<\/div><!-- .entry-actions -->\n\t\t<\/footer><!-- .entry-footer -->\t<\/div>\n<\/article>\n<article class=\"entry content-bg loop-entry post-9897 post type-post status-publish format-standard has-post-thumbnail hentry category-uncategorized\">\n\t\t\t<a class=\"post-thumbnail kadence-thumbnail-ratio-2-3\" href=\"https:\/\/www.carrefourfgafp.ca\/ServicesEducatifsComplementaires\/2025\/12\/18\/jeunes-adultes-et-consommation-intervenir-dans-une-approche-de-reduction-des-risques\/\">\n\t\t\t<div class=\"post-thumbnail-inner\">\n\t\t\t\t<img loading=\"lazy\" decoding=\"async\" width=\"768\" height=\"512\" src=\"https:\/\/www.carrefourfgafp.ca\/ServicesEducatifsComplementaires\/wp-content\/uploads\/2026\/02\/AdobeStock_427068438-768x512.jpeg\" class=\"attachment-medium_large size-medium_large wp-post-image\" alt=\"Jeunes adultes et consommation: Intervenir dans une\u00a0approche de r\u00e9duction des risques\u00a0\u00a0\" srcset=\"https:\/\/www.carrefourfgafp.ca\/ServicesEducatifsComplementaires\/wp-content\/uploads\/2026\/02\/AdobeStock_427068438-768x512.jpeg 768w, https:\/\/www.carrefourfgafp.ca\/ServicesEducatifsComplementaires\/wp-content\/uploads\/2026\/02\/AdobeStock_427068438-300x200.jpeg 300w, https:\/\/www.carrefourfgafp.ca\/ServicesEducatifsComplementaires\/wp-content\/uploads\/2026\/02\/AdobeStock_427068438-1024x683.jpeg 1024w, https:\/\/www.carrefourfgafp.ca\/ServicesEducatifsComplementaires\/wp-content\/uploads\/2026\/02\/AdobeStock_427068438.jpeg 1200w\" sizes=\"auto, (max-width: 768px) 100vw, 768px\" \/>\t\t\t<\/div>\n\t\t<\/a><!-- .post-thumbnail -->\n\t\t\t<div class=\"entry-content-wrap\">\n\t\t<header class=\"entry-header\">\n\t<h3 class=\"entry-title\"><a href=\"https:\/\/www.carrefourfgafp.ca\/ServicesEducatifsComplementaires\/2025\/12\/18\/jeunes-adultes-et-consommation-intervenir-dans-une-approche-de-reduction-des-risques\/\" rel=\"bookmark\">Jeunes adultes et consommation: Intervenir dans une\u00a0approche de r\u00e9duction des risques\u00a0\u00a0<\/a><\/h3>\t<div class=\"entry-meta entry-meta-divider-dot\">\n\t\t<\/div><!-- .entry-meta -->\n\t<\/header><!-- .entry-header -->\n<footer class=\"entry-footer\">\n\t\t\t<div class=\"entry-actions\">\n\t\t\t<p class=\"more-link-wrap\">\n\t\t\t\t<a href=\"https:\/\/www.carrefourfgafp.ca\/ServicesEducatifsComplementaires\/2025\/12\/18\/jeunes-adultes-et-consommation-intervenir-dans-une-approche-de-reduction-des-risques\/\" class=\"post-more-link\">\n\t\t\t\t\tLire plus<span class=\"screen-reader-text\"> Jeunes adultes et consommation: Intervenir dans une\u00a0approche de r\u00e9duction des risques\u00a0\u00a0<\/span><span class=\"kadence-svg-iconset svg-baseline\"><svg aria-hidden=\"true\" class=\"kadence-svg-icon kadence-arrow-right-alt-svg\" fill=\"currentColor\" version=\"1.1\" xmlns=\"http:\/\/www.w3.org\/2000\/svg\" width=\"27\" height=\"28\" viewBox=\"0 0 27 28\"><title>Continue<\/title><path d=\"M27 13.953c0 0.141-0.063 0.281-0.156 0.375l-6 5.531c-0.156 0.141-0.359 0.172-0.547 0.094-0.172-0.078-0.297-0.25-0.297-0.453v-3.5h-19.5c-0.281 0-0.5-0.219-0.5-0.5v-3c0-0.281 0.219-0.5 0.5-0.5h19.5v-3.5c0-0.203 0.109-0.375 0.297-0.453s0.391-0.047 0.547 0.078l6 5.469c0.094 0.094 0.156 0.219 0.156 0.359v0z\"><\/path>\n\t\t\t<\/svg><\/span>\t\t\t\t<\/a>\n\t\t\t<\/p>\n\t\t<\/div><!-- .entry-actions -->\n\t\t<\/footer><!-- .entry-footer -->\t<\/div>\n<\/article>\n<article class=\"entry content-bg loop-entry post-9891 post type-post status-publish format-standard has-post-thumbnail hentry category-uncategorized\">\n\t\t\t<a class=\"post-thumbnail kadence-thumbnail-ratio-2-3\" href=\"https:\/\/www.carrefourfgafp.ca\/ServicesEducatifsComplementaires\/2025\/12\/18\/soutenir-les-transitions-scolaires-des-eleves-a-la-fga-et-a-la-fp\/\">\n\t\t\t<div class=\"post-thumbnail-inner\">\n\t\t\t\t<img loading=\"lazy\" decoding=\"async\" width=\"768\" height=\"432\" src=\"https:\/\/www.carrefourfgafp.ca\/ServicesEducatifsComplementaires\/wp-content\/uploads\/2026\/02\/AdobeStock_1905709107-768x432.jpeg\" class=\"attachment-medium_large size-medium_large wp-post-image\" alt=\"Soutenir les transitions scolaires des \u00e9l\u00e8ves \u00e0 la FGA et \u00e0 la FP\u00a0\" srcset=\"https:\/\/www.carrefourfgafp.ca\/ServicesEducatifsComplementaires\/wp-content\/uploads\/2026\/02\/AdobeStock_1905709107-768x432.jpeg 768w, https:\/\/www.carrefourfgafp.ca\/ServicesEducatifsComplementaires\/wp-content\/uploads\/2026\/02\/AdobeStock_1905709107-300x169.jpeg 300w, https:\/\/www.carrefourfgafp.ca\/ServicesEducatifsComplementaires\/wp-content\/uploads\/2026\/02\/AdobeStock_1905709107.jpeg 1000w\" sizes=\"auto, (max-width: 768px) 100vw, 768px\" \/>\t\t\t<\/div>\n\t\t<\/a><!-- .post-thumbnail -->\n\t\t\t<div class=\"entry-content-wrap\">\n\t\t<header class=\"entry-header\">\n\t<h3 class=\"entry-title\"><a href=\"https:\/\/www.carrefourfgafp.ca\/ServicesEducatifsComplementaires\/2025\/12\/18\/soutenir-les-transitions-scolaires-des-eleves-a-la-fga-et-a-la-fp\/\" rel=\"bookmark\">Soutenir les transitions scolaires des \u00e9l\u00e8ves \u00e0 la FGA et \u00e0 la FP\u00a0<\/a><\/h3>\t<div class=\"entry-meta entry-meta-divider-dot\">\n\t\t<\/div><!-- .entry-meta -->\n\t<\/header><!-- .entry-header -->\n<footer class=\"entry-footer\">\n\t\t\t<div class=\"entry-actions\">\n\t\t\t<p class=\"more-link-wrap\">\n\t\t\t\t<a href=\"https:\/\/www.carrefourfgafp.ca\/ServicesEducatifsComplementaires\/2025\/12\/18\/soutenir-les-transitions-scolaires-des-eleves-a-la-fga-et-a-la-fp\/\" class=\"post-more-link\">\n\t\t\t\t\tLire plus<span class=\"screen-reader-text\"> Soutenir les transitions scolaires des \u00e9l\u00e8ves \u00e0 la FGA et \u00e0 la FP\u00a0<\/span><span class=\"kadence-svg-iconset svg-baseline\"><svg aria-hidden=\"true\" class=\"kadence-svg-icon kadence-arrow-right-alt-svg\" fill=\"currentColor\" version=\"1.1\" xmlns=\"http:\/\/www.w3.org\/2000\/svg\" width=\"27\" height=\"28\" viewBox=\"0 0 27 28\"><title>Continue<\/title><path d=\"M27 13.953c0 0.141-0.063 0.281-0.156 0.375l-6 5.531c-0.156 0.141-0.359 0.172-0.547 0.094-0.172-0.078-0.297-0.25-0.297-0.453v-3.5h-19.5c-0.281 0-0.5-0.219-0.5-0.5v-3c0-0.281 0.219-0.5 0.5-0.5h19.5v-3.5c0-0.203 0.109-0.375 0.297-0.453s0.391-0.047 0.547 0.078l6 5.469c0.094 0.094 0.156 0.219 0.156 0.359v0z\"><\/path>\n\t\t\t<\/svg><\/span>\t\t\t\t<\/a>\n\t\t\t<\/p>\n\t\t<\/div><!-- .entry-actions -->\n\t\t<\/footer><!-- .entry-footer -->\t<\/div>\n<\/article>\n<article class=\"entry content-bg loop-entry post-9856 post type-post status-publish format-standard has-post-thumbnail hentry category-uncategorized\">\n\t\t\t<a class=\"post-thumbnail kadence-thumbnail-ratio-2-3\" href=\"https:\/\/www.carrefourfgafp.ca\/ServicesEducatifsComplementaires\/2025\/11\/24\/comprendre-et-soutenir-la-competence-emotionnelle-chez-les-eleves-de-fp-et-de-fga\/\">\n\t\t\t<div class=\"post-thumbnail-inner\">\n\t\t\t\t<img loading=\"lazy\" decoding=\"async\" width=\"768\" height=\"348\" src=\"https:\/\/www.carrefourfgafp.ca\/ServicesEducatifsComplementaires\/wp-content\/uploads\/2026\/02\/AdobeStock_1661561287-768x348.jpeg\" class=\"attachment-medium_large size-medium_large wp-post-image\" alt=\"Comprendre et soutenir la comp\u00e9tence \u00e9motionnelle chez les \u00e9l\u00e8ves de FP et de FGA\" srcset=\"https:\/\/www.carrefourfgafp.ca\/ServicesEducatifsComplementaires\/wp-content\/uploads\/2026\/02\/AdobeStock_1661561287-768x348.jpeg 768w, https:\/\/www.carrefourfgafp.ca\/ServicesEducatifsComplementaires\/wp-content\/uploads\/2026\/02\/AdobeStock_1661561287-300x136.jpeg 300w, https:\/\/www.carrefourfgafp.ca\/ServicesEducatifsComplementaires\/wp-content\/uploads\/2026\/02\/AdobeStock_1661561287-1024x464.jpeg 1024w, https:\/\/www.carrefourfgafp.ca\/ServicesEducatifsComplementaires\/wp-content\/uploads\/2026\/02\/AdobeStock_1661561287-1536x695.jpeg 1536w, https:\/\/www.carrefourfgafp.ca\/ServicesEducatifsComplementaires\/wp-content\/uploads\/2026\/02\/AdobeStock_1661561287-2048x927.jpeg 2048w\" sizes=\"auto, (max-width: 768px) 100vw, 768px\" \/>\t\t\t<\/div>\n\t\t<\/a><!-- .post-thumbnail -->\n\t\t\t<div class=\"entry-content-wrap\">\n\t\t<header class=\"entry-header\">\n\t<h3 class=\"entry-title\"><a href=\"https:\/\/www.carrefourfgafp.ca\/ServicesEducatifsComplementaires\/2025\/11\/24\/comprendre-et-soutenir-la-competence-emotionnelle-chez-les-eleves-de-fp-et-de-fga\/\" rel=\"bookmark\">Comprendre et soutenir la comp\u00e9tence \u00e9motionnelle chez les \u00e9l\u00e8ves de FP et de FGA<\/a><\/h3>\t<div class=\"entry-meta entry-meta-divider-dot\">\n\t\t<\/div><!-- .entry-meta -->\n\t<\/header><!-- .entry-header -->\n<footer class=\"entry-footer\">\n\t\t\t<div class=\"entry-actions\">\n\t\t\t<p class=\"more-link-wrap\">\n\t\t\t\t<a href=\"https:\/\/www.carrefourfgafp.ca\/ServicesEducatifsComplementaires\/2025\/11\/24\/comprendre-et-soutenir-la-competence-emotionnelle-chez-les-eleves-de-fp-et-de-fga\/\" class=\"post-more-link\">\n\t\t\t\t\tLire plus<span class=\"screen-reader-text\"> Comprendre et soutenir la comp\u00e9tence \u00e9motionnelle chez les \u00e9l\u00e8ves de FP et de FGA<\/span><span class=\"kadence-svg-iconset svg-baseline\"><svg aria-hidden=\"true\" class=\"kadence-svg-icon kadence-arrow-right-alt-svg\" fill=\"currentColor\" version=\"1.1\" xmlns=\"http:\/\/www.w3.org\/2000\/svg\" width=\"27\" height=\"28\" viewBox=\"0 0 27 28\"><title>Continue<\/title><path d=\"M27 13.953c0 0.141-0.063 0.281-0.156 0.375l-6 5.531c-0.156 0.141-0.359 0.172-0.547 0.094-0.172-0.078-0.297-0.25-0.297-0.453v-3.5h-19.5c-0.281 0-0.5-0.219-0.5-0.5v-3c0-0.281 0.219-0.5 0.5-0.5h19.5v-3.5c0-0.203 0.109-0.375 0.297-0.453s0.391-0.047 0.547 0.078l6 5.469c0.094 0.094 0.156 0.219 0.156 0.359v0z\"><\/path>\n\t\t\t<\/svg><\/span>\t\t\t\t<\/a>\n\t\t\t<\/p>\n\t\t<\/div><!-- .entry-actions -->\n\t\t<\/footer><!-- .entry-footer -->\t<\/div>\n<\/article>\n<article class=\"entry content-bg loop-entry post-9575 post type-post status-publish format-standard has-post-thumbnail hentry category-uncategorized\">\n\t\t\t<a class=\"post-thumbnail kadence-thumbnail-ratio-2-3\" href=\"https:\/\/www.carrefourfgafp.ca\/ServicesEducatifsComplementaires\/2025\/06\/11\/quand-la-demarche-teva-sinvite-en-fga-fp\/\">\n\t\t\t<div class=\"post-thumbnail-inner\">\n\t\t\t\t<img loading=\"lazy\" decoding=\"async\" width=\"768\" height=\"513\" src=\"https:\/\/www.carrefourfgafp.ca\/ServicesEducatifsComplementaires\/wp-content\/uploads\/2025\/06\/pexels-buro-millennial-636760-1438072-768x513.jpg\" class=\"attachment-medium_large size-medium_large wp-post-image\" alt=\"Quand la d\u00e9marche TEVA s&rsquo;invite en FGA-FP\u00a0\" srcset=\"https:\/\/www.carrefourfgafp.ca\/ServicesEducatifsComplementaires\/wp-content\/uploads\/2025\/06\/pexels-buro-millennial-636760-1438072-768x513.jpg 768w, https:\/\/www.carrefourfgafp.ca\/ServicesEducatifsComplementaires\/wp-content\/uploads\/2025\/06\/pexels-buro-millennial-636760-1438072-300x200.jpg 300w, https:\/\/www.carrefourfgafp.ca\/ServicesEducatifsComplementaires\/wp-content\/uploads\/2025\/06\/pexels-buro-millennial-636760-1438072-1024x684.jpg 1024w, https:\/\/www.carrefourfgafp.ca\/ServicesEducatifsComplementaires\/wp-content\/uploads\/2025\/06\/pexels-buro-millennial-636760-1438072.jpg 1279w\" sizes=\"auto, (max-width: 768px) 100vw, 768px\" \/>\t\t\t<\/div>\n\t\t<\/a><!-- .post-thumbnail -->\n\t\t\t<div class=\"entry-content-wrap\">\n\t\t<header class=\"entry-header\">\n\t<h3 class=\"entry-title\"><a href=\"https:\/\/www.carrefourfgafp.ca\/ServicesEducatifsComplementaires\/2025\/06\/11\/quand-la-demarche-teva-sinvite-en-fga-fp\/\" rel=\"bookmark\">Quand la d\u00e9marche TEVA s&rsquo;invite en FGA-FP\u00a0<\/a><\/h3>\t<div class=\"entry-meta entry-meta-divider-dot\">\n\t\t<\/div><!-- .entry-meta -->\n\t<\/header><!-- .entry-header -->\n<footer class=\"entry-footer\">\n\t\t\t<div class=\"entry-actions\">\n\t\t\t<p class=\"more-link-wrap\">\n\t\t\t\t<a href=\"https:\/\/www.carrefourfgafp.ca\/ServicesEducatifsComplementaires\/2025\/06\/11\/quand-la-demarche-teva-sinvite-en-fga-fp\/\" class=\"post-more-link\">\n\t\t\t\t\tLire plus<span class=\"screen-reader-text\"> Quand la d\u00e9marche TEVA s&rsquo;invite en FGA-FP\u00a0<\/span><span class=\"kadence-svg-iconset svg-baseline\"><svg aria-hidden=\"true\" class=\"kadence-svg-icon kadence-arrow-right-alt-svg\" fill=\"currentColor\" version=\"1.1\" xmlns=\"http:\/\/www.w3.org\/2000\/svg\" width=\"27\" height=\"28\" viewBox=\"0 0 27 28\"><title>Continue<\/title><path d=\"M27 13.953c0 0.141-0.063 0.281-0.156 0.375l-6 5.531c-0.156 0.141-0.359 0.172-0.547 0.094-0.172-0.078-0.297-0.25-0.297-0.453v-3.5h-19.5c-0.281 0-0.5-0.219-0.5-0.5v-3c0-0.281 0.219-0.5 0.5-0.5h19.5v-3.5c0-0.203 0.109-0.375 0.297-0.453s0.391-0.047 0.547 0.078l6 5.469c0.094 0.094 0.156 0.219 0.156 0.359v0z\"><\/path>\n\t\t\t<\/svg><\/span>\t\t\t\t<\/a>\n\t\t\t<\/p>\n\t\t<\/div><!-- .entry-actions -->\n\t\t<\/footer><!-- .entry-footer -->\t<\/div>\n<\/article>\n<article class=\"entry content-bg loop-entry post-9239 post type-post status-publish format-standard has-post-thumbnail hentry category-uncategorized\">\n\t\t\t<a class=\"post-thumbnail kadence-thumbnail-ratio-2-3\" href=\"https:\/\/www.carrefourfgafp.ca\/ServicesEducatifsComplementaires\/2025\/02\/11\/realite-interculturelle-en-fp-adapter-notre-accompagnement-pour-les-eleves-internationaux\/\">\n\t\t\t<div class=\"post-thumbnail-inner\">\n\t\t\t\t<img loading=\"lazy\" decoding=\"async\" width=\"768\" height=\"512\" src=\"https:\/\/www.carrefourfgafp.ca\/ServicesEducatifsComplementaires\/wp-content\/uploads\/2025\/02\/man-2562325_1280-768x512.jpg\" class=\"attachment-medium_large size-medium_large wp-post-image\" alt=\"R\u00e9alit\u00e9 interculturelle en FP : Adapter notre accompagnement pour les \u00e9l\u00e8ves internationaux\" srcset=\"https:\/\/www.carrefourfgafp.ca\/ServicesEducatifsComplementaires\/wp-content\/uploads\/2025\/02\/man-2562325_1280-768x512.jpg 768w, https:\/\/www.carrefourfgafp.ca\/ServicesEducatifsComplementaires\/wp-content\/uploads\/2025\/02\/man-2562325_1280-300x200.jpg 300w, https:\/\/www.carrefourfgafp.ca\/ServicesEducatifsComplementaires\/wp-content\/uploads\/2025\/02\/man-2562325_1280-1024x682.jpg 1024w, https:\/\/www.carrefourfgafp.ca\/ServicesEducatifsComplementaires\/wp-content\/uploads\/2025\/02\/man-2562325_1280.jpg 1280w\" sizes=\"auto, (max-width: 768px) 100vw, 768px\" \/>\t\t\t<\/div>\n\t\t<\/a><!-- .post-thumbnail -->\n\t\t\t<div class=\"entry-content-wrap\">\n\t\t<header class=\"entry-header\">\n\t<h3 class=\"entry-title\"><a href=\"https:\/\/www.carrefourfgafp.ca\/ServicesEducatifsComplementaires\/2025\/02\/11\/realite-interculturelle-en-fp-adapter-notre-accompagnement-pour-les-eleves-internationaux\/\" rel=\"bookmark\">R\u00e9alit\u00e9 interculturelle en FP : Adapter notre accompagnement pour les \u00e9l\u00e8ves internationaux<\/a><\/h3>\t<div class=\"entry-meta entry-meta-divider-dot\">\n\t\t<\/div><!-- .entry-meta -->\n\t<\/header><!-- .entry-header -->\n<footer class=\"entry-footer\">\n\t\t\t<div class=\"entry-actions\">\n\t\t\t<p class=\"more-link-wrap\">\n\t\t\t\t<a href=\"https:\/\/www.carrefourfgafp.ca\/ServicesEducatifsComplementaires\/2025\/02\/11\/realite-interculturelle-en-fp-adapter-notre-accompagnement-pour-les-eleves-internationaux\/\" class=\"post-more-link\">\n\t\t\t\t\tLire plus<span class=\"screen-reader-text\"> R\u00e9alit\u00e9 interculturelle en FP : Adapter notre accompagnement pour les \u00e9l\u00e8ves internationaux<\/span><span class=\"kadence-svg-iconset svg-baseline\"><svg aria-hidden=\"true\" class=\"kadence-svg-icon kadence-arrow-right-alt-svg\" fill=\"currentColor\" version=\"1.1\" xmlns=\"http:\/\/www.w3.org\/2000\/svg\" width=\"27\" height=\"28\" viewBox=\"0 0 27 28\"><title>Continue<\/title><path d=\"M27 13.953c0 0.141-0.063 0.281-0.156 0.375l-6 5.531c-0.156 0.141-0.359 0.172-0.547 0.094-0.172-0.078-0.297-0.25-0.297-0.453v-3.5h-19.5c-0.281 0-0.5-0.219-0.5-0.5v-3c0-0.281 0.219-0.5 0.5-0.5h19.5v-3.5c0-0.203 0.109-0.375 0.297-0.453s0.391-0.047 0.547 0.078l6 5.469c0.094 0.094 0.156 0.219 0.156 0.359v0z\"><\/path>\n\t\t\t<\/svg><\/span>\t\t\t\t<\/a>\n\t\t\t<\/p>\n\t\t<\/div><!-- .entry-actions -->\n\t\t<\/footer><!-- .entry-footer -->\t<\/div>\n<\/article>\n<article class=\"entry content-bg loop-entry post-9229 post type-post status-publish format-standard has-post-thumbnail hentry category-uncategorized\">\n\t\t\t<a class=\"post-thumbnail kadence-thumbnail-ratio-2-3\" href=\"https:\/\/www.carrefourfgafp.ca\/ServicesEducatifsComplementaires\/2025\/02\/11\/lapproche-relationnelle-developper-la-relation-pedagogique-pour-etre-disponible-aux-apprentissages-en-fga-fp\/\">\n\t\t\t<div class=\"post-thumbnail-inner\">\n\t\t\t\t<img loading=\"lazy\" decoding=\"async\" width=\"768\" height=\"526\" src=\"https:\/\/www.carrefourfgafp.ca\/ServicesEducatifsComplementaires\/wp-content\/uploads\/2024\/11\/pexels-sharefaith-491036-1231230-768x526.jpg\" class=\"attachment-medium_large size-medium_large wp-post-image\" alt=\"L\u2019approche relationnelle : d\u00e9velopper la relation p\u00e9dagogique pour \u00eatre disponible aux apprentissages en FGA-FP\" srcset=\"https:\/\/www.carrefourfgafp.ca\/ServicesEducatifsComplementaires\/wp-content\/uploads\/2024\/11\/pexels-sharefaith-491036-1231230-768x526.jpg 768w, https:\/\/www.carrefourfgafp.ca\/ServicesEducatifsComplementaires\/wp-content\/uploads\/2024\/11\/pexels-sharefaith-491036-1231230-300x206.jpg 300w, https:\/\/www.carrefourfgafp.ca\/ServicesEducatifsComplementaires\/wp-content\/uploads\/2024\/11\/pexels-sharefaith-491036-1231230-1024x702.jpg 1024w, https:\/\/www.carrefourfgafp.ca\/ServicesEducatifsComplementaires\/wp-content\/uploads\/2024\/11\/pexels-sharefaith-491036-1231230.jpg 1280w\" sizes=\"auto, (max-width: 768px) 100vw, 768px\" \/>\t\t\t<\/div>\n\t\t<\/a><!-- .post-thumbnail -->\n\t\t\t<div class=\"entry-content-wrap\">\n\t\t<header class=\"entry-header\">\n\t<h3 class=\"entry-title\"><a href=\"https:\/\/www.carrefourfgafp.ca\/ServicesEducatifsComplementaires\/2025\/02\/11\/lapproche-relationnelle-developper-la-relation-pedagogique-pour-etre-disponible-aux-apprentissages-en-fga-fp\/\" rel=\"bookmark\">L\u2019approche relationnelle : d\u00e9velopper la relation p\u00e9dagogique pour \u00eatre disponible aux apprentissages en FGA-FP<\/a><\/h3>\t<div class=\"entry-meta entry-meta-divider-dot\">\n\t\t<\/div><!-- .entry-meta -->\n\t<\/header><!-- .entry-header -->\n<footer class=\"entry-footer\">\n\t\t\t<div class=\"entry-actions\">\n\t\t\t<p class=\"more-link-wrap\">\n\t\t\t\t<a href=\"https:\/\/www.carrefourfgafp.ca\/ServicesEducatifsComplementaires\/2025\/02\/11\/lapproche-relationnelle-developper-la-relation-pedagogique-pour-etre-disponible-aux-apprentissages-en-fga-fp\/\" class=\"post-more-link\">\n\t\t\t\t\tLire plus<span class=\"screen-reader-text\"> L\u2019approche relationnelle : d\u00e9velopper la relation p\u00e9dagogique pour \u00eatre disponible aux apprentissages en FGA-FP<\/span><span class=\"kadence-svg-iconset svg-baseline\"><svg aria-hidden=\"true\" class=\"kadence-svg-icon kadence-arrow-right-alt-svg\" fill=\"currentColor\" version=\"1.1\" xmlns=\"http:\/\/www.w3.org\/2000\/svg\" width=\"27\" height=\"28\" viewBox=\"0 0 27 28\"><title>Continue<\/title><path d=\"M27 13.953c0 0.141-0.063 0.281-0.156 0.375l-6 5.531c-0.156 0.141-0.359 0.172-0.547 0.094-0.172-0.078-0.297-0.25-0.297-0.453v-3.5h-19.5c-0.281 0-0.5-0.219-0.5-0.5v-3c0-0.281 0.219-0.5 0.5-0.5h19.5v-3.5c0-0.203 0.109-0.375 0.297-0.453s0.391-0.047 0.547 0.078l6 5.469c0.094 0.094 0.156 0.219 0.156 0.359v0z\"><\/path>\n\t\t\t<\/svg><\/span>\t\t\t\t<\/a>\n\t\t\t<\/p>\n\t\t<\/div><!-- .entry-actions -->\n\t\t<\/footer><!-- .entry-footer -->\t<\/div>\n<\/article>\n<article class=\"entry content-bg loop-entry post-9034 post type-post status-publish format-standard has-post-thumbnail hentry category-uncategorized\">\n\t\t\t<a class=\"post-thumbnail kadence-thumbnail-ratio-2-3\" href=\"https:\/\/www.carrefourfgafp.ca\/ServicesEducatifsComplementaires\/2024\/11\/26\/interventions-favorables-au-bien-etre-et-la-perseverance-scolaire-dans-un-contexte-de-consommation-de-substances-psychoactives\/\">\n\t\t\t<div class=\"post-thumbnail-inner\">\n\t\t\t\t<img loading=\"lazy\" decoding=\"async\" width=\"768\" height=\"512\" src=\"https:\/\/www.carrefourfgafp.ca\/ServicesEducatifsComplementaires\/wp-content\/uploads\/2024\/11\/pexels-mart-production-7230391-768x512.jpg\" class=\"attachment-medium_large size-medium_large wp-post-image\" alt=\"Interventions favorables au bien-\u00eatre et la pers\u00e9v\u00e9rance scolaire dans un contexte de consommation de substances psychoactives\" srcset=\"https:\/\/www.carrefourfgafp.ca\/ServicesEducatifsComplementaires\/wp-content\/uploads\/2024\/11\/pexels-mart-production-7230391-768x512.jpg 768w, https:\/\/www.carrefourfgafp.ca\/ServicesEducatifsComplementaires\/wp-content\/uploads\/2024\/11\/pexels-mart-production-7230391-300x200.jpg 300w, https:\/\/www.carrefourfgafp.ca\/ServicesEducatifsComplementaires\/wp-content\/uploads\/2024\/11\/pexels-mart-production-7230391-1024x682.jpg 1024w, https:\/\/www.carrefourfgafp.ca\/ServicesEducatifsComplementaires\/wp-content\/uploads\/2024\/11\/pexels-mart-production-7230391.jpg 1280w\" sizes=\"auto, (max-width: 768px) 100vw, 768px\" \/>\t\t\t<\/div>\n\t\t<\/a><!-- .post-thumbnail -->\n\t\t\t<div class=\"entry-content-wrap\">\n\t\t<header class=\"entry-header\">\n\t<h3 class=\"entry-title\"><a href=\"https:\/\/www.carrefourfgafp.ca\/ServicesEducatifsComplementaires\/2024\/11\/26\/interventions-favorables-au-bien-etre-et-la-perseverance-scolaire-dans-un-contexte-de-consommation-de-substances-psychoactives\/\" rel=\"bookmark\">Interventions favorables au bien-\u00eatre et la pers\u00e9v\u00e9rance scolaire dans un contexte de consommation de substances psychoactives<\/a><\/h3>\t<div class=\"entry-meta entry-meta-divider-dot\">\n\t\t<\/div><!-- .entry-meta -->\n\t<\/header><!-- .entry-header -->\n<footer class=\"entry-footer\">\n\t\t\t<div class=\"entry-actions\">\n\t\t\t<p class=\"more-link-wrap\">\n\t\t\t\t<a href=\"https:\/\/www.carrefourfgafp.ca\/ServicesEducatifsComplementaires\/2024\/11\/26\/interventions-favorables-au-bien-etre-et-la-perseverance-scolaire-dans-un-contexte-de-consommation-de-substances-psychoactives\/\" class=\"post-more-link\">\n\t\t\t\t\tLire plus<span class=\"screen-reader-text\"> Interventions favorables au bien-\u00eatre et la pers\u00e9v\u00e9rance scolaire dans un contexte de consommation de substances psychoactives<\/span><span class=\"kadence-svg-iconset svg-baseline\"><svg aria-hidden=\"true\" class=\"kadence-svg-icon kadence-arrow-right-alt-svg\" fill=\"currentColor\" version=\"1.1\" xmlns=\"http:\/\/www.w3.org\/2000\/svg\" width=\"27\" height=\"28\" viewBox=\"0 0 27 28\"><title>Continue<\/title><path d=\"M27 13.953c0 0.141-0.063 0.281-0.156 0.375l-6 5.531c-0.156 0.141-0.359 0.172-0.547 0.094-0.172-0.078-0.297-0.25-0.297-0.453v-3.5h-19.5c-0.281 0-0.5-0.219-0.5-0.5v-3c0-0.281 0.219-0.5 0.5-0.5h19.5v-3.5c0-0.203 0.109-0.375 0.297-0.453s0.391-0.047 0.547 0.078l6 5.469c0.094 0.094 0.156 0.219 0.156 0.359v0z\"><\/path>\n\t\t\t<\/svg><\/span>\t\t\t\t<\/a>\n\t\t\t<\/p>\n\t\t<\/div><!-- .entry-actions -->\n\t\t<\/footer><!-- .entry-footer -->\t<\/div>\n<\/article>\n<article class=\"entry content-bg loop-entry post-9020 post type-post status-publish format-standard has-post-thumbnail hentry category-uncategorized\">\n\t\t\t<a class=\"post-thumbnail kadence-thumbnail-ratio-2-3\" href=\"https:\/\/www.carrefourfgafp.ca\/ServicesEducatifsComplementaires\/2024\/11\/26\/plan-de-lutte\/\">\n\t\t\t<div class=\"post-thumbnail-inner\">\n\t\t\t\t<img loading=\"lazy\" decoding=\"async\" width=\"768\" height=\"526\" src=\"https:\/\/www.carrefourfgafp.ca\/ServicesEducatifsComplementaires\/wp-content\/uploads\/2024\/11\/pexels-sharefaith-491036-1231230-768x526.jpg\" class=\"attachment-medium_large size-medium_large wp-post-image\" alt=\"Plan de lutte\" srcset=\"https:\/\/www.carrefourfgafp.ca\/ServicesEducatifsComplementaires\/wp-content\/uploads\/2024\/11\/pexels-sharefaith-491036-1231230-768x526.jpg 768w, https:\/\/www.carrefourfgafp.ca\/ServicesEducatifsComplementaires\/wp-content\/uploads\/2024\/11\/pexels-sharefaith-491036-1231230-300x206.jpg 300w, https:\/\/www.carrefourfgafp.ca\/ServicesEducatifsComplementaires\/wp-content\/uploads\/2024\/11\/pexels-sharefaith-491036-1231230-1024x702.jpg 1024w, https:\/\/www.carrefourfgafp.ca\/ServicesEducatifsComplementaires\/wp-content\/uploads\/2024\/11\/pexels-sharefaith-491036-1231230.jpg 1280w\" sizes=\"auto, (max-width: 768px) 100vw, 768px\" \/>\t\t\t<\/div>\n\t\t<\/a><!-- .post-thumbnail -->\n\t\t\t<div class=\"entry-content-wrap\">\n\t\t<header class=\"entry-header\">\n\t<h3 class=\"entry-title\"><a href=\"https:\/\/www.carrefourfgafp.ca\/ServicesEducatifsComplementaires\/2024\/11\/26\/plan-de-lutte\/\" rel=\"bookmark\">Plan de lutte<\/a><\/h3>\t<div class=\"entry-meta entry-meta-divider-dot\">\n\t\t<\/div><!-- .entry-meta -->\n\t<\/header><!-- .entry-header -->\n<footer class=\"entry-footer\">\n\t\t\t<div class=\"entry-actions\">\n\t\t\t<p class=\"more-link-wrap\">\n\t\t\t\t<a href=\"https:\/\/www.carrefourfgafp.ca\/ServicesEducatifsComplementaires\/2024\/11\/26\/plan-de-lutte\/\" class=\"post-more-link\">\n\t\t\t\t\tLire plus<span class=\"screen-reader-text\"> Plan de lutte<\/span><span class=\"kadence-svg-iconset svg-baseline\"><svg aria-hidden=\"true\" class=\"kadence-svg-icon kadence-arrow-right-alt-svg\" fill=\"currentColor\" version=\"1.1\" xmlns=\"http:\/\/www.w3.org\/2000\/svg\" width=\"27\" height=\"28\" viewBox=\"0 0 27 28\"><title>Continue<\/title><path d=\"M27 13.953c0 0.141-0.063 0.281-0.156 0.375l-6 5.531c-0.156 0.141-0.359 0.172-0.547 0.094-0.172-0.078-0.297-0.25-0.297-0.453v-3.5h-19.5c-0.281 0-0.5-0.219-0.5-0.5v-3c0-0.281 0.219-0.5 0.5-0.5h19.5v-3.5c0-0.203 0.109-0.375 0.297-0.453s0.391-0.047 0.547 0.078l6 5.469c0.094 0.094 0.156 0.219 0.156 0.359v0z\"><\/path>\n\t\t\t<\/svg><\/span>\t\t\t\t<\/a>\n\t\t\t<\/p>\n\t\t<\/div><!-- .entry-actions -->\n\t\t<\/footer><!-- .entry-footer -->\t<\/div>\n<\/article>\n<article class=\"entry content-bg loop-entry post-9008 post type-post status-publish format-standard has-post-thumbnail hentry category-uncategorized\">\n\t\t\t<a class=\"post-thumbnail kadence-thumbnail-ratio-2-3\" href=\"https:\/\/www.carrefourfgafp.ca\/ServicesEducatifsComplementaires\/2024\/11\/26\/connaitre-les-besoins-des-eleves-doues-pour-mieux-les-accompagner-et-assurer-leur-reussite-en-fga-fp\/\">\n\t\t\t<div class=\"post-thumbnail-inner\">\n\t\t\t\t<img loading=\"lazy\" decoding=\"async\" width=\"768\" height=\"1025\" src=\"https:\/\/www.carrefourfgafp.ca\/ServicesEducatifsComplementaires\/wp-content\/uploads\/2024\/11\/pexels-diimejii-3466163-768x1025.jpg\" class=\"attachment-medium_large size-medium_large wp-post-image\" alt=\"Conna\u00eetre les besoins des \u00e9l\u00e8ves dou\u00e9s pour mieux les accompagner et assurer leur r\u00e9ussite en FGA-FP\" srcset=\"https:\/\/www.carrefourfgafp.ca\/ServicesEducatifsComplementaires\/wp-content\/uploads\/2024\/11\/pexels-diimejii-3466163-768x1025.jpg 768w, https:\/\/www.carrefourfgafp.ca\/ServicesEducatifsComplementaires\/wp-content\/uploads\/2024\/11\/pexels-diimejii-3466163-225x300.jpg 225w, https:\/\/www.carrefourfgafp.ca\/ServicesEducatifsComplementaires\/wp-content\/uploads\/2024\/11\/pexels-diimejii-3466163-767x1024.jpg 767w, https:\/\/www.carrefourfgafp.ca\/ServicesEducatifsComplementaires\/wp-content\/uploads\/2024\/11\/pexels-diimejii-3466163-1151x1536.jpg 1151w, https:\/\/www.carrefourfgafp.ca\/ServicesEducatifsComplementaires\/wp-content\/uploads\/2024\/11\/pexels-diimejii-3466163.jpg 1280w\" sizes=\"auto, (max-width: 768px) 100vw, 768px\" \/>\t\t\t<\/div>\n\t\t<\/a><!-- .post-thumbnail -->\n\t\t\t<div class=\"entry-content-wrap\">\n\t\t<header class=\"entry-header\">\n\t<h3 class=\"entry-title\"><a href=\"https:\/\/www.carrefourfgafp.ca\/ServicesEducatifsComplementaires\/2024\/11\/26\/connaitre-les-besoins-des-eleves-doues-pour-mieux-les-accompagner-et-assurer-leur-reussite-en-fga-fp\/\" rel=\"bookmark\">Conna\u00eetre les besoins des \u00e9l\u00e8ves dou\u00e9s pour mieux les accompagner et assurer leur r\u00e9ussite en FGA-FP<\/a><\/h3>\t<div class=\"entry-meta entry-meta-divider-dot\">\n\t\t<\/div><!-- .entry-meta -->\n\t<\/header><!-- .entry-header -->\n<footer class=\"entry-footer\">\n\t\t\t<div class=\"entry-actions\">\n\t\t\t<p class=\"more-link-wrap\">\n\t\t\t\t<a href=\"https:\/\/www.carrefourfgafp.ca\/ServicesEducatifsComplementaires\/2024\/11\/26\/connaitre-les-besoins-des-eleves-doues-pour-mieux-les-accompagner-et-assurer-leur-reussite-en-fga-fp\/\" class=\"post-more-link\">\n\t\t\t\t\tLire plus<span class=\"screen-reader-text\"> Conna\u00eetre les besoins des \u00e9l\u00e8ves dou\u00e9s pour mieux les accompagner et assurer leur r\u00e9ussite en FGA-FP<\/span><span class=\"kadence-svg-iconset svg-baseline\"><svg aria-hidden=\"true\" class=\"kadence-svg-icon kadence-arrow-right-alt-svg\" fill=\"currentColor\" version=\"1.1\" xmlns=\"http:\/\/www.w3.org\/2000\/svg\" width=\"27\" height=\"28\" viewBox=\"0 0 27 28\"><title>Continue<\/title><path d=\"M27 13.953c0 0.141-0.063 0.281-0.156 0.375l-6 5.531c-0.156 0.141-0.359 0.172-0.547 0.094-0.172-0.078-0.297-0.25-0.297-0.453v-3.5h-19.5c-0.281 0-0.5-0.219-0.5-0.5v-3c0-0.281 0.219-0.5 0.5-0.5h19.5v-3.5c0-0.203 0.109-0.375 0.297-0.453s0.391-0.047 0.547 0.078l6 5.469c0.094 0.094 0.156 0.219 0.156 0.359v0z\"><\/path>\n\t\t\t<\/svg><\/span>\t\t\t\t<\/a>\n\t\t\t<\/p>\n\t\t<\/div><!-- .entry-actions -->\n\t\t<\/footer><!-- .entry-footer -->\t<\/div>\n<\/article>\n<article class=\"entry content-bg loop-entry post-9000 post type-post status-publish format-standard has-post-thumbnail hentry category-uncategorized\">\n\t\t\t<a class=\"post-thumbnail kadence-thumbnail-ratio-2-3\" href=\"https:\/\/www.carrefourfgafp.ca\/ServicesEducatifsComplementaires\/2024\/11\/26\/initiation-a-lintervention-en-milieux-defavorises-en-fga-fp\/\">\n\t\t\t<div class=\"post-thumbnail-inner\">\n\t\t\t\t<img loading=\"lazy\" decoding=\"async\" width=\"768\" height=\"512\" src=\"https:\/\/www.carrefourfgafp.ca\/ServicesEducatifsComplementaires\/wp-content\/uploads\/2024\/11\/pexels-shvets-production-7176325-768x512.jpg\" class=\"attachment-medium_large size-medium_large wp-post-image\" alt=\"Initiation \u00e0 l\u2019intervention en milieux d\u00e9favoris\u00e9s en FGA-FP\u00a0\" srcset=\"https:\/\/www.carrefourfgafp.ca\/ServicesEducatifsComplementaires\/wp-content\/uploads\/2024\/11\/pexels-shvets-production-7176325-768x512.jpg 768w, https:\/\/www.carrefourfgafp.ca\/ServicesEducatifsComplementaires\/wp-content\/uploads\/2024\/11\/pexels-shvets-production-7176325-300x200.jpg 300w, https:\/\/www.carrefourfgafp.ca\/ServicesEducatifsComplementaires\/wp-content\/uploads\/2024\/11\/pexels-shvets-production-7176325-1024x682.jpg 1024w, https:\/\/www.carrefourfgafp.ca\/ServicesEducatifsComplementaires\/wp-content\/uploads\/2024\/11\/pexels-shvets-production-7176325.jpg 1280w\" sizes=\"auto, (max-width: 768px) 100vw, 768px\" \/>\t\t\t<\/div>\n\t\t<\/a><!-- .post-thumbnail -->\n\t\t\t<div class=\"entry-content-wrap\">\n\t\t<header class=\"entry-header\">\n\t<h3 class=\"entry-title\"><a href=\"https:\/\/www.carrefourfgafp.ca\/ServicesEducatifsComplementaires\/2024\/11\/26\/initiation-a-lintervention-en-milieux-defavorises-en-fga-fp\/\" rel=\"bookmark\">Initiation \u00e0 l\u2019intervention en milieux d\u00e9favoris\u00e9s en FGA-FP\u00a0<\/a><\/h3>\t<div class=\"entry-meta entry-meta-divider-dot\">\n\t\t<\/div><!-- .entry-meta -->\n\t<\/header><!-- .entry-header -->\n<footer class=\"entry-footer\">\n\t\t\t<div class=\"entry-actions\">\n\t\t\t<p class=\"more-link-wrap\">\n\t\t\t\t<a href=\"https:\/\/www.carrefourfgafp.ca\/ServicesEducatifsComplementaires\/2024\/11\/26\/initiation-a-lintervention-en-milieux-defavorises-en-fga-fp\/\" class=\"post-more-link\">\n\t\t\t\t\tLire plus<span class=\"screen-reader-text\"> Initiation \u00e0 l\u2019intervention en milieux d\u00e9favoris\u00e9s en FGA-FP\u00a0<\/span><span class=\"kadence-svg-iconset svg-baseline\"><svg aria-hidden=\"true\" class=\"kadence-svg-icon kadence-arrow-right-alt-svg\" fill=\"currentColor\" version=\"1.1\" xmlns=\"http:\/\/www.w3.org\/2000\/svg\" width=\"27\" height=\"28\" viewBox=\"0 0 27 28\"><title>Continue<\/title><path d=\"M27 13.953c0 0.141-0.063 0.281-0.156 0.375l-6 5.531c-0.156 0.141-0.359 0.172-0.547 0.094-0.172-0.078-0.297-0.25-0.297-0.453v-3.5h-19.5c-0.281 0-0.5-0.219-0.5-0.5v-3c0-0.281 0.219-0.5 0.5-0.5h19.5v-3.5c0-0.203 0.109-0.375 0.297-0.453s0.391-0.047 0.547 0.078l6 5.469c0.094 0.094 0.156 0.219 0.156 0.359v0z\"><\/path>\n\t\t\t<\/svg><\/span>\t\t\t\t<\/a>\n\t\t\t<\/p>\n\t\t<\/div><!-- .entry-actions -->\n\t\t<\/footer><!-- .entry-footer -->\t<\/div>\n<\/article>\n<article class=\"entry content-bg loop-entry post-8534 post type-post status-publish format-standard has-post-thumbnail hentry category-uncategorized\">\n\t\t\t<a class=\"post-thumbnail kadence-thumbnail-ratio-2-3\" href=\"https:\/\/www.carrefourfgafp.ca\/ServicesEducatifsComplementaires\/2024\/09\/17\/services-educatifs-complementaires-en-formation-professionnelle-des-outils-pour-mieux-accompagner-les-eleves\/\">\n\t\t\t<div class=\"post-thumbnail-inner\">\n\t\t\t\t<img loading=\"lazy\" decoding=\"async\" width=\"768\" height=\"521\" src=\"https:\/\/www.carrefourfgafp.ca\/ServicesEducatifsComplementaires\/wp-content\/uploads\/2024\/11\/pexels-fauxels-3184396-768x521.jpg\" class=\"attachment-medium_large size-medium_large wp-post-image\" alt=\"Services \u00e9ducatifs compl\u00e9mentaires en formation professionnelle : des outils pour mieux accompagner les \u00e9l\u00e8ves\u00a0\" srcset=\"https:\/\/www.carrefourfgafp.ca\/ServicesEducatifsComplementaires\/wp-content\/uploads\/2024\/11\/pexels-fauxels-3184396-768x521.jpg 768w, https:\/\/www.carrefourfgafp.ca\/ServicesEducatifsComplementaires\/wp-content\/uploads\/2024\/11\/pexels-fauxels-3184396-300x203.jpg 300w, https:\/\/www.carrefourfgafp.ca\/ServicesEducatifsComplementaires\/wp-content\/uploads\/2024\/11\/pexels-fauxels-3184396-1024x694.jpg 1024w, https:\/\/www.carrefourfgafp.ca\/ServicesEducatifsComplementaires\/wp-content\/uploads\/2024\/11\/pexels-fauxels-3184396.jpg 1280w\" sizes=\"auto, (max-width: 768px) 100vw, 768px\" \/>\t\t\t<\/div>\n\t\t<\/a><!-- .post-thumbnail -->\n\t\t\t<div class=\"entry-content-wrap\">\n\t\t<header class=\"entry-header\">\n\t<h3 class=\"entry-title\"><a href=\"https:\/\/www.carrefourfgafp.ca\/ServicesEducatifsComplementaires\/2024\/09\/17\/services-educatifs-complementaires-en-formation-professionnelle-des-outils-pour-mieux-accompagner-les-eleves\/\" rel=\"bookmark\">Services \u00e9ducatifs compl\u00e9mentaires en formation professionnelle : des outils pour mieux accompagner les \u00e9l\u00e8ves\u00a0<\/a><\/h3>\t<div class=\"entry-meta entry-meta-divider-dot\">\n\t\t<\/div><!-- .entry-meta -->\n\t<\/header><!-- .entry-header -->\n<footer class=\"entry-footer\">\n\t\t\t<div class=\"entry-actions\">\n\t\t\t<p class=\"more-link-wrap\">\n\t\t\t\t<a href=\"https:\/\/www.carrefourfgafp.ca\/ServicesEducatifsComplementaires\/2024\/09\/17\/services-educatifs-complementaires-en-formation-professionnelle-des-outils-pour-mieux-accompagner-les-eleves\/\" class=\"post-more-link\">\n\t\t\t\t\tLire plus<span class=\"screen-reader-text\"> Services \u00e9ducatifs compl\u00e9mentaires en formation professionnelle : des outils pour mieux accompagner les \u00e9l\u00e8ves\u00a0<\/span><span class=\"kadence-svg-iconset svg-baseline\"><svg aria-hidden=\"true\" class=\"kadence-svg-icon kadence-arrow-right-alt-svg\" fill=\"currentColor\" version=\"1.1\" xmlns=\"http:\/\/www.w3.org\/2000\/svg\" width=\"27\" height=\"28\" viewBox=\"0 0 27 28\"><title>Continue<\/title><path d=\"M27 13.953c0 0.141-0.063 0.281-0.156 0.375l-6 5.531c-0.156 0.141-0.359 0.172-0.547 0.094-0.172-0.078-0.297-0.25-0.297-0.453v-3.5h-19.5c-0.281 0-0.5-0.219-0.5-0.5v-3c0-0.281 0.219-0.5 0.5-0.5h19.5v-3.5c0-0.203 0.109-0.375 0.297-0.453s0.391-0.047 0.547 0.078l6 5.469c0.094 0.094 0.156 0.219 0.156 0.359v0z\"><\/path>\n\t\t\t<\/svg><\/span>\t\t\t\t<\/a>\n\t\t\t<\/p>\n\t\t<\/div><!-- .entry-actions -->\n\t\t<\/footer><!-- .entry-footer -->\t<\/div>\n<\/article>\n<article class=\"entry content-bg loop-entry post-8497 post type-post status-publish format-standard has-post-thumbnail hentry category-uncategorized\">\n\t\t\t<a class=\"post-thumbnail kadence-thumbnail-ratio-2-3\" href=\"https:\/\/www.carrefourfgafp.ca\/ServicesEducatifsComplementaires\/2024\/09\/11\/comprendre-le-trouble-developpemental-du-langage-a-lage-adulte\/\">\n\t\t\t<div class=\"post-thumbnail-inner\">\n\t\t\t\t<img loading=\"lazy\" decoding=\"async\" width=\"768\" height=\"512\" src=\"https:\/\/www.carrefourfgafp.ca\/ServicesEducatifsComplementaires\/wp-content\/uploads\/2024\/09\/pexels-fauxels-3182808-1-768x512.jpg\" class=\"attachment-medium_large size-medium_large wp-post-image\" alt=\"Comprendre le trouble d\u00e9veloppemental du langage \u00e0 l\u2019\u00e2ge adulte\" srcset=\"https:\/\/www.carrefourfgafp.ca\/ServicesEducatifsComplementaires\/wp-content\/uploads\/2024\/09\/pexels-fauxels-3182808-1-768x512.jpg 768w, https:\/\/www.carrefourfgafp.ca\/ServicesEducatifsComplementaires\/wp-content\/uploads\/2024\/09\/pexels-fauxels-3182808-1-300x200.jpg 300w, https:\/\/www.carrefourfgafp.ca\/ServicesEducatifsComplementaires\/wp-content\/uploads\/2024\/09\/pexels-fauxels-3182808-1-1024x682.jpg 1024w, https:\/\/www.carrefourfgafp.ca\/ServicesEducatifsComplementaires\/wp-content\/uploads\/2024\/09\/pexels-fauxels-3182808-1.jpg 1280w\" sizes=\"auto, (max-width: 768px) 100vw, 768px\" \/>\t\t\t<\/div>\n\t\t<\/a><!-- .post-thumbnail -->\n\t\t\t<div class=\"entry-content-wrap\">\n\t\t<header class=\"entry-header\">\n\t<h3 class=\"entry-title\"><a href=\"https:\/\/www.carrefourfgafp.ca\/ServicesEducatifsComplementaires\/2024\/09\/11\/comprendre-le-trouble-developpemental-du-langage-a-lage-adulte\/\" rel=\"bookmark\">Comprendre le trouble d\u00e9veloppemental du langage \u00e0 l\u2019\u00e2ge adulte<\/a><\/h3>\t<div class=\"entry-meta entry-meta-divider-dot\">\n\t\t<\/div><!-- .entry-meta -->\n\t<\/header><!-- .entry-header -->\n<footer class=\"entry-footer\">\n\t\t\t<div class=\"entry-actions\">\n\t\t\t<p class=\"more-link-wrap\">\n\t\t\t\t<a href=\"https:\/\/www.carrefourfgafp.ca\/ServicesEducatifsComplementaires\/2024\/09\/11\/comprendre-le-trouble-developpemental-du-langage-a-lage-adulte\/\" class=\"post-more-link\">\n\t\t\t\t\tLire plus<span class=\"screen-reader-text\"> Comprendre le trouble d\u00e9veloppemental du langage \u00e0 l\u2019\u00e2ge adulte<\/span><span class=\"kadence-svg-iconset svg-baseline\"><svg aria-hidden=\"true\" class=\"kadence-svg-icon kadence-arrow-right-alt-svg\" fill=\"currentColor\" version=\"1.1\" xmlns=\"http:\/\/www.w3.org\/2000\/svg\" width=\"27\" height=\"28\" viewBox=\"0 0 27 28\"><title>Continue<\/title><path d=\"M27 13.953c0 0.141-0.063 0.281-0.156 0.375l-6 5.531c-0.156 0.141-0.359 0.172-0.547 0.094-0.172-0.078-0.297-0.25-0.297-0.453v-3.5h-19.5c-0.281 0-0.5-0.219-0.5-0.5v-3c0-0.281 0.219-0.5 0.5-0.5h19.5v-3.5c0-0.203 0.109-0.375 0.297-0.453s0.391-0.047 0.547 0.078l6 5.469c0.094 0.094 0.156 0.219 0.156 0.359v0z\"><\/path>\n\t\t\t<\/svg><\/span>\t\t\t\t<\/a>\n\t\t\t<\/p>\n\t\t<\/div><!-- .entry-actions -->\n\t\t<\/footer><!-- .entry-footer -->\t<\/div>\n<\/article>\n<article class=\"entry content-bg loop-entry post-8442 post type-post status-publish format-standard has-post-thumbnail hentry category-uncategorized\">\n\t\t\t<a class=\"post-thumbnail kadence-thumbnail-ratio-2-3\" href=\"https:\/\/www.carrefourfgafp.ca\/ServicesEducatifsComplementaires\/2024\/08\/28\/projet-epanouir-promotion-de-la-sante-mentale-positive-en-contexte-scolaire\/\">\n\t\t\t<div class=\"post-thumbnail-inner\">\n\t\t\t\t<img loading=\"lazy\" decoding=\"async\" width=\"768\" height=\"386\" src=\"https:\/\/www.carrefourfgafp.ca\/ServicesEducatifsComplementaires\/wp-content\/uploads\/2024\/08\/pexels-jupen-734168-768x386.jpg\" class=\"attachment-medium_large size-medium_large wp-post-image\" alt=\"Projet \u00c9panouir : Promotion de la sant\u00e9 mentale positive en contexte scolaire\u00a0\" srcset=\"https:\/\/www.carrefourfgafp.ca\/ServicesEducatifsComplementaires\/wp-content\/uploads\/2024\/08\/pexels-jupen-734168-768x386.jpg 768w, https:\/\/www.carrefourfgafp.ca\/ServicesEducatifsComplementaires\/wp-content\/uploads\/2024\/08\/pexels-jupen-734168-300x151.jpg 300w, https:\/\/www.carrefourfgafp.ca\/ServicesEducatifsComplementaires\/wp-content\/uploads\/2024\/08\/pexels-jupen-734168-1024x515.jpg 1024w, https:\/\/www.carrefourfgafp.ca\/ServicesEducatifsComplementaires\/wp-content\/uploads\/2024\/08\/pexels-jupen-734168.jpg 1280w\" sizes=\"auto, (max-width: 768px) 100vw, 768px\" \/>\t\t\t<\/div>\n\t\t<\/a><!-- .post-thumbnail -->\n\t\t\t<div class=\"entry-content-wrap\">\n\t\t<header class=\"entry-header\">\n\t<h3 class=\"entry-title\"><a href=\"https:\/\/www.carrefourfgafp.ca\/ServicesEducatifsComplementaires\/2024\/08\/28\/projet-epanouir-promotion-de-la-sante-mentale-positive-en-contexte-scolaire\/\" rel=\"bookmark\">Projet \u00c9panouir : Promotion de la sant\u00e9 mentale positive en contexte scolaire\u00a0<\/a><\/h3>\t<div class=\"entry-meta entry-meta-divider-dot\">\n\t\t<\/div><!-- .entry-meta -->\n\t<\/header><!-- .entry-header -->\n<footer class=\"entry-footer\">\n\t\t\t<div class=\"entry-actions\">\n\t\t\t<p class=\"more-link-wrap\">\n\t\t\t\t<a href=\"https:\/\/www.carrefourfgafp.ca\/ServicesEducatifsComplementaires\/2024\/08\/28\/projet-epanouir-promotion-de-la-sante-mentale-positive-en-contexte-scolaire\/\" class=\"post-more-link\">\n\t\t\t\t\tLire plus<span class=\"screen-reader-text\"> Projet \u00c9panouir : Promotion de la sant\u00e9 mentale positive en contexte scolaire\u00a0<\/span><span class=\"kadence-svg-iconset svg-baseline\"><svg aria-hidden=\"true\" class=\"kadence-svg-icon kadence-arrow-right-alt-svg\" fill=\"currentColor\" version=\"1.1\" xmlns=\"http:\/\/www.w3.org\/2000\/svg\" width=\"27\" height=\"28\" viewBox=\"0 0 27 28\"><title>Continue<\/title><path d=\"M27 13.953c0 0.141-0.063 0.281-0.156 0.375l-6 5.531c-0.156 0.141-0.359 0.172-0.547 0.094-0.172-0.078-0.297-0.25-0.297-0.453v-3.5h-19.5c-0.281 0-0.5-0.219-0.5-0.5v-3c0-0.281 0.219-0.5 0.5-0.5h19.5v-3.5c0-0.203 0.109-0.375 0.297-0.453s0.391-0.047 0.547 0.078l6 5.469c0.094 0.094 0.156 0.219 0.156 0.359v0z\"><\/path>\n\t\t\t<\/svg><\/span>\t\t\t\t<\/a>\n\t\t\t<\/p>\n\t\t<\/div><!-- .entry-actions -->\n\t\t<\/footer><!-- .entry-footer -->\t<\/div>\n<\/article>\n<article class=\"entry content-bg loop-entry post-6715 post type-post status-publish format-standard has-post-thumbnail hentry category-uncategorized\">\n\t\t\t<a class=\"post-thumbnail kadence-thumbnail-ratio-2-3\" href=\"https:\/\/www.carrefourfgafp.ca\/ServicesEducatifsComplementaires\/2024\/02\/28\/intervenir-sur-les-comportements-difficiles\/\">\n\t\t\t<div class=\"post-thumbnail-inner\">\n\t\t\t\t<img loading=\"lazy\" decoding=\"async\" width=\"768\" height=\"427\" src=\"https:\/\/www.carrefourfgafp.ca\/ServicesEducatifsComplementaires\/wp-content\/uploads\/2024\/06\/pexels-pixabay-159844-2-768x427.jpg\" class=\"attachment-medium_large size-medium_large wp-post-image\" alt=\"Intervenir sur les comportements difficiles\u00a0\" srcset=\"https:\/\/www.carrefourfgafp.ca\/ServicesEducatifsComplementaires\/wp-content\/uploads\/2024\/06\/pexels-pixabay-159844-2-768x427.jpg 768w, https:\/\/www.carrefourfgafp.ca\/ServicesEducatifsComplementaires\/wp-content\/uploads\/2024\/06\/pexels-pixabay-159844-2-300x167.jpg 300w, https:\/\/www.carrefourfgafp.ca\/ServicesEducatifsComplementaires\/wp-content\/uploads\/2024\/06\/pexels-pixabay-159844-2.jpg 900w\" sizes=\"auto, (max-width: 768px) 100vw, 768px\" \/>\t\t\t<\/div>\n\t\t<\/a><!-- .post-thumbnail -->\n\t\t\t<div class=\"entry-content-wrap\">\n\t\t<header class=\"entry-header\">\n\t<h3 class=\"entry-title\"><a href=\"https:\/\/www.carrefourfgafp.ca\/ServicesEducatifsComplementaires\/2024\/02\/28\/intervenir-sur-les-comportements-difficiles\/\" rel=\"bookmark\">Intervenir sur les comportements difficiles\u00a0<\/a><\/h3>\t<div class=\"entry-meta entry-meta-divider-dot\">\n\t\t<\/div><!-- .entry-meta -->\n\t<\/header><!-- .entry-header -->\n<footer class=\"entry-footer\">\n\t\t\t<div class=\"entry-actions\">\n\t\t\t<p class=\"more-link-wrap\">\n\t\t\t\t<a href=\"https:\/\/www.carrefourfgafp.ca\/ServicesEducatifsComplementaires\/2024\/02\/28\/intervenir-sur-les-comportements-difficiles\/\" class=\"post-more-link\">\n\t\t\t\t\tLire plus<span class=\"screen-reader-text\"> Intervenir sur les comportements difficiles\u00a0<\/span><span class=\"kadence-svg-iconset svg-baseline\"><svg aria-hidden=\"true\" class=\"kadence-svg-icon kadence-arrow-right-alt-svg\" fill=\"currentColor\" version=\"1.1\" xmlns=\"http:\/\/www.w3.org\/2000\/svg\" width=\"27\" height=\"28\" viewBox=\"0 0 27 28\"><title>Continue<\/title><path d=\"M27 13.953c0 0.141-0.063 0.281-0.156 0.375l-6 5.531c-0.156 0.141-0.359 0.172-0.547 0.094-0.172-0.078-0.297-0.25-0.297-0.453v-3.5h-19.5c-0.281 0-0.5-0.219-0.5-0.5v-3c0-0.281 0.219-0.5 0.5-0.5h19.5v-3.5c0-0.203 0.109-0.375 0.297-0.453s0.391-0.047 0.547 0.078l6 5.469c0.094 0.094 0.156 0.219 0.156 0.359v0z\"><\/path>\n\t\t\t<\/svg><\/span>\t\t\t\t<\/a>\n\t\t\t<\/p>\n\t\t<\/div><!-- .entry-actions -->\n\t\t<\/footer><!-- .entry-footer -->\t<\/div>\n<\/article>\n<article class=\"entry content-bg loop-entry post-6713 post type-post status-publish format-standard has-post-thumbnail hentry category-uncategorized\">\n\t\t\t<a class=\"post-thumbnail kadence-thumbnail-ratio-2-3\" href=\"https:\/\/www.carrefourfgafp.ca\/ServicesEducatifsComplementaires\/2024\/02\/28\/consideration-de-la-diversite-humaine-des-personnes-apprenantes-des-cea-et-des-cfp-soutien-a-leur-bien-etre-dans-la-relation-educative\/\">\n\t\t\t<div class=\"post-thumbnail-inner\">\n\t\t\t\t<img loading=\"lazy\" decoding=\"async\" width=\"768\" height=\"512\" src=\"https:\/\/www.carrefourfgafp.ca\/ServicesEducatifsComplementaires\/wp-content\/uploads\/2023\/11\/SEC_Causeries_virtuelles-16mai2023-768x512.jpeg\" class=\"attachment-medium_large size-medium_large wp-post-image\" alt=\"Consid\u00e9ration de la diversit\u00e9 humaine des personnes apprenantes des C\u00c9A et des CFP: soutien \u00e0 leur bien-\u00eatre dans la relation \u00e9ducative\" srcset=\"https:\/\/www.carrefourfgafp.ca\/ServicesEducatifsComplementaires\/wp-content\/uploads\/2023\/11\/SEC_Causeries_virtuelles-16mai2023-768x512.jpeg 768w, https:\/\/www.carrefourfgafp.ca\/ServicesEducatifsComplementaires\/wp-content\/uploads\/2023\/11\/SEC_Causeries_virtuelles-16mai2023-300x200.jpeg 300w, https:\/\/www.carrefourfgafp.ca\/ServicesEducatifsComplementaires\/wp-content\/uploads\/2023\/11\/SEC_Causeries_virtuelles-16mai2023-1024x683.jpeg 1024w, https:\/\/www.carrefourfgafp.ca\/ServicesEducatifsComplementaires\/wp-content\/uploads\/2023\/11\/SEC_Causeries_virtuelles-16mai2023.jpeg 1500w\" sizes=\"auto, (max-width: 768px) 100vw, 768px\" \/>\t\t\t<\/div>\n\t\t<\/a><!-- .post-thumbnail -->\n\t\t\t<div class=\"entry-content-wrap\">\n\t\t<header class=\"entry-header\">\n\t<h3 class=\"entry-title\"><a href=\"https:\/\/www.carrefourfgafp.ca\/ServicesEducatifsComplementaires\/2024\/02\/28\/consideration-de-la-diversite-humaine-des-personnes-apprenantes-des-cea-et-des-cfp-soutien-a-leur-bien-etre-dans-la-relation-educative\/\" rel=\"bookmark\">Consid\u00e9ration de la diversit\u00e9 humaine des personnes apprenantes des C\u00c9A et des CFP: soutien \u00e0 leur bien-\u00eatre dans la relation \u00e9ducative<\/a><\/h3>\t<div class=\"entry-meta entry-meta-divider-dot\">\n\t\t<\/div><!-- .entry-meta -->\n\t<\/header><!-- .entry-header -->\n<footer class=\"entry-footer\">\n\t\t\t<div class=\"entry-actions\">\n\t\t\t<p class=\"more-link-wrap\">\n\t\t\t\t<a href=\"https:\/\/www.carrefourfgafp.ca\/ServicesEducatifsComplementaires\/2024\/02\/28\/consideration-de-la-diversite-humaine-des-personnes-apprenantes-des-cea-et-des-cfp-soutien-a-leur-bien-etre-dans-la-relation-educative\/\" class=\"post-more-link\">\n\t\t\t\t\tLire plus<span class=\"screen-reader-text\"> Consid\u00e9ration de la diversit\u00e9 humaine des personnes apprenantes des C\u00c9A et des CFP: soutien \u00e0 leur bien-\u00eatre dans la relation \u00e9ducative<\/span><span class=\"kadence-svg-iconset svg-baseline\"><svg aria-hidden=\"true\" class=\"kadence-svg-icon kadence-arrow-right-alt-svg\" fill=\"currentColor\" version=\"1.1\" xmlns=\"http:\/\/www.w3.org\/2000\/svg\" width=\"27\" height=\"28\" viewBox=\"0 0 27 28\"><title>Continue<\/title><path d=\"M27 13.953c0 0.141-0.063 0.281-0.156 0.375l-6 5.531c-0.156 0.141-0.359 0.172-0.547 0.094-0.172-0.078-0.297-0.25-0.297-0.453v-3.5h-19.5c-0.281 0-0.5-0.219-0.5-0.5v-3c0-0.281 0.219-0.5 0.5-0.5h19.5v-3.5c0-0.203 0.109-0.375 0.297-0.453s0.391-0.047 0.547 0.078l6 5.469c0.094 0.094 0.156 0.219 0.156 0.359v0z\"><\/path>\n\t\t\t<\/svg><\/span>\t\t\t\t<\/a>\n\t\t\t<\/p>\n\t\t<\/div><!-- .entry-actions -->\n\t\t<\/footer><!-- .entry-footer -->\t<\/div>\n<\/article>\n<article class=\"entry content-bg loop-entry post-6708 post type-post status-publish format-standard has-post-thumbnail hentry category-uncategorized\">\n\t\t\t<a class=\"post-thumbnail kadence-thumbnail-ratio-2-3\" href=\"https:\/\/www.carrefourfgafp.ca\/ServicesEducatifsComplementaires\/2024\/02\/28\/et-si-on-se-servait-des-emotions-comme-levier-dapprentissage-en-fga-fp\/\">\n\t\t\t<div class=\"post-thumbnail-inner\">\n\t\t\t\t<img loading=\"lazy\" decoding=\"async\" width=\"768\" height=\"512\" src=\"https:\/\/www.carrefourfgafp.ca\/ServicesEducatifsComplementaires\/wp-content\/uploads\/2023\/10\/epanouir-768x512.jpg\" class=\"attachment-medium_large size-medium_large wp-post-image\" alt=\"Et si on se servait des \u00e9motions comme levier d\u2019apprentissage en FGA-FP?\" srcset=\"https:\/\/www.carrefourfgafp.ca\/ServicesEducatifsComplementaires\/wp-content\/uploads\/2023\/10\/epanouir-768x512.jpg 768w, https:\/\/www.carrefourfgafp.ca\/ServicesEducatifsComplementaires\/wp-content\/uploads\/2023\/10\/epanouir-300x200.jpg 300w, https:\/\/www.carrefourfgafp.ca\/ServicesEducatifsComplementaires\/wp-content\/uploads\/2023\/10\/epanouir-1024x683.jpg 1024w, https:\/\/www.carrefourfgafp.ca\/ServicesEducatifsComplementaires\/wp-content\/uploads\/2023\/10\/epanouir.jpg 1290w\" sizes=\"auto, (max-width: 768px) 100vw, 768px\" \/>\t\t\t<\/div>\n\t\t<\/a><!-- .post-thumbnail -->\n\t\t\t<div class=\"entry-content-wrap\">\n\t\t<header class=\"entry-header\">\n\t<h3 class=\"entry-title\"><a href=\"https:\/\/www.carrefourfgafp.ca\/ServicesEducatifsComplementaires\/2024\/02\/28\/et-si-on-se-servait-des-emotions-comme-levier-dapprentissage-en-fga-fp\/\" rel=\"bookmark\">Et si on se servait des \u00e9motions comme levier d\u2019apprentissage en FGA-FP?<\/a><\/h3>\t<div class=\"entry-meta entry-meta-divider-dot\">\n\t\t<\/div><!-- .entry-meta -->\n\t<\/header><!-- .entry-header -->\n<footer class=\"entry-footer\">\n\t\t\t<div class=\"entry-actions\">\n\t\t\t<p class=\"more-link-wrap\">\n\t\t\t\t<a href=\"https:\/\/www.carrefourfgafp.ca\/ServicesEducatifsComplementaires\/2024\/02\/28\/et-si-on-se-servait-des-emotions-comme-levier-dapprentissage-en-fga-fp\/\" class=\"post-more-link\">\n\t\t\t\t\tLire plus<span class=\"screen-reader-text\"> Et si on se servait des \u00e9motions comme levier d\u2019apprentissage en FGA-FP?<\/span><span class=\"kadence-svg-iconset svg-baseline\"><svg aria-hidden=\"true\" class=\"kadence-svg-icon kadence-arrow-right-alt-svg\" fill=\"currentColor\" version=\"1.1\" xmlns=\"http:\/\/www.w3.org\/2000\/svg\" width=\"27\" height=\"28\" viewBox=\"0 0 27 28\"><title>Continue<\/title><path d=\"M27 13.953c0 0.141-0.063 0.281-0.156 0.375l-6 5.531c-0.156 0.141-0.359 0.172-0.547 0.094-0.172-0.078-0.297-0.25-0.297-0.453v-3.5h-19.5c-0.281 0-0.5-0.219-0.5-0.5v-3c0-0.281 0.219-0.5 0.5-0.5h19.5v-3.5c0-0.203 0.109-0.375 0.297-0.453s0.391-0.047 0.547 0.078l6 5.469c0.094 0.094 0.156 0.219 0.156 0.359v0z\"><\/path>\n\t\t\t<\/svg><\/span>\t\t\t\t<\/a>\n\t\t\t<\/p>\n\t\t<\/div><!-- .entry-actions -->\n\t\t<\/footer><!-- .entry-footer -->\t<\/div>\n<\/article>\n<article class=\"entry content-bg loop-entry post-5945 post type-post status-publish format-standard has-post-thumbnail hentry category-uncategorized\">\n\t\t\t<a class=\"post-thumbnail kadence-thumbnail-ratio-2-3\" href=\"https:\/\/www.carrefourfgafp.ca\/ServicesEducatifsComplementaires\/2023\/12\/05\/transition-reussie\/\">\n\t\t\t<div class=\"post-thumbnail-inner\">\n\t\t\t\t<img loading=\"lazy\" decoding=\"async\" width=\"768\" height=\"512\" src=\"https:\/\/www.carrefourfgafp.ca\/ServicesEducatifsComplementaires\/wp-content\/uploads\/2023\/12\/SEC_Causeries_virtuelles-2mai2023-768x512.jpeg\" class=\"attachment-medium_large size-medium_large wp-post-image\" alt=\"Transition r\u00e9ussie\" srcset=\"https:\/\/www.carrefourfgafp.ca\/ServicesEducatifsComplementaires\/wp-content\/uploads\/2023\/12\/SEC_Causeries_virtuelles-2mai2023-768x512.jpeg 768w, https:\/\/www.carrefourfgafp.ca\/ServicesEducatifsComplementaires\/wp-content\/uploads\/2023\/12\/SEC_Causeries_virtuelles-2mai2023-300x200.jpeg 300w, https:\/\/www.carrefourfgafp.ca\/ServicesEducatifsComplementaires\/wp-content\/uploads\/2023\/12\/SEC_Causeries_virtuelles-2mai2023-1024x683.jpeg 1024w, https:\/\/www.carrefourfgafp.ca\/ServicesEducatifsComplementaires\/wp-content\/uploads\/2023\/12\/SEC_Causeries_virtuelles-2mai2023-1536x1024.jpeg 1536w, https:\/\/www.carrefourfgafp.ca\/ServicesEducatifsComplementaires\/wp-content\/uploads\/2023\/12\/SEC_Causeries_virtuelles-2mai2023.jpeg 1707w\" sizes=\"auto, (max-width: 768px) 100vw, 768px\" \/>\t\t\t<\/div>\n\t\t<\/a><!-- .post-thumbnail -->\n\t\t\t<div class=\"entry-content-wrap\">\n\t\t<header class=\"entry-header\">\n\t<h3 class=\"entry-title\"><a href=\"https:\/\/www.carrefourfgafp.ca\/ServicesEducatifsComplementaires\/2023\/12\/05\/transition-reussie\/\" rel=\"bookmark\">Transition r\u00e9ussie<\/a><\/h3>\t<div class=\"entry-meta entry-meta-divider-dot\">\n\t\t<\/div><!-- .entry-meta -->\n\t<\/header><!-- .entry-header -->\n<footer class=\"entry-footer\">\n\t\t\t<div class=\"entry-actions\">\n\t\t\t<p class=\"more-link-wrap\">\n\t\t\t\t<a href=\"https:\/\/www.carrefourfgafp.ca\/ServicesEducatifsComplementaires\/2023\/12\/05\/transition-reussie\/\" class=\"post-more-link\">\n\t\t\t\t\tLire plus<span class=\"screen-reader-text\"> Transition r\u00e9ussie<\/span><span class=\"kadence-svg-iconset svg-baseline\"><svg aria-hidden=\"true\" class=\"kadence-svg-icon kadence-arrow-right-alt-svg\" fill=\"currentColor\" version=\"1.1\" xmlns=\"http:\/\/www.w3.org\/2000\/svg\" width=\"27\" height=\"28\" viewBox=\"0 0 27 28\"><title>Continue<\/title><path d=\"M27 13.953c0 0.141-0.063 0.281-0.156 0.375l-6 5.531c-0.156 0.141-0.359 0.172-0.547 0.094-0.172-0.078-0.297-0.25-0.297-0.453v-3.5h-19.5c-0.281 0-0.5-0.219-0.5-0.5v-3c0-0.281 0.219-0.5 0.5-0.5h19.5v-3.5c0-0.203 0.109-0.375 0.297-0.453s0.391-0.047 0.547 0.078l6 5.469c0.094 0.094 0.156 0.219 0.156 0.359v0z\"><\/path>\n\t\t\t<\/svg><\/span>\t\t\t\t<\/a>\n\t\t\t<\/p>\n\t\t<\/div><!-- .entry-actions -->\n\t\t<\/footer><!-- .entry-footer -->\t<\/div>\n<\/article>\n<article class=\"entry content-bg loop-entry post-5787 post type-post status-publish format-standard has-post-thumbnail hentry category-uncategorized\">\n\t\t\t<a class=\"post-thumbnail kadence-thumbnail-ratio-2-3\" href=\"https:\/\/www.carrefourfgafp.ca\/ServicesEducatifsComplementaires\/2023\/11\/24\/webinaire-projet-epanouir\/\">\n\t\t\t<div class=\"post-thumbnail-inner\">\n\t\t\t\t<img loading=\"lazy\" decoding=\"async\" width=\"768\" height=\"512\" src=\"https:\/\/www.carrefourfgafp.ca\/ServicesEducatifsComplementaires\/wp-content\/uploads\/2023\/10\/epanouir-768x512.jpg\" class=\"attachment-medium_large size-medium_large wp-post-image\" alt=\"Webinaire Projet \u00c9panouir\" srcset=\"https:\/\/www.carrefourfgafp.ca\/ServicesEducatifsComplementaires\/wp-content\/uploads\/2023\/10\/epanouir-768x512.jpg 768w, https:\/\/www.carrefourfgafp.ca\/ServicesEducatifsComplementaires\/wp-content\/uploads\/2023\/10\/epanouir-300x200.jpg 300w, https:\/\/www.carrefourfgafp.ca\/ServicesEducatifsComplementaires\/wp-content\/uploads\/2023\/10\/epanouir-1024x683.jpg 1024w, https:\/\/www.carrefourfgafp.ca\/ServicesEducatifsComplementaires\/wp-content\/uploads\/2023\/10\/epanouir.jpg 1290w\" sizes=\"auto, (max-width: 768px) 100vw, 768px\" \/>\t\t\t<\/div>\n\t\t<\/a><!-- .post-thumbnail -->\n\t\t\t<div class=\"entry-content-wrap\">\n\t\t<header class=\"entry-header\">\n\t<h3 class=\"entry-title\"><a href=\"https:\/\/www.carrefourfgafp.ca\/ServicesEducatifsComplementaires\/2023\/11\/24\/webinaire-projet-epanouir\/\" rel=\"bookmark\">Webinaire Projet \u00c9panouir<\/a><\/h3>\t<div class=\"entry-meta entry-meta-divider-dot\">\n\t\t<\/div><!-- .entry-meta -->\n\t<\/header><!-- .entry-header -->\n<footer class=\"entry-footer\">\n\t\t\t<div class=\"entry-actions\">\n\t\t\t<p class=\"more-link-wrap\">\n\t\t\t\t<a href=\"https:\/\/www.carrefourfgafp.ca\/ServicesEducatifsComplementaires\/2023\/11\/24\/webinaire-projet-epanouir\/\" class=\"post-more-link\">\n\t\t\t\t\tLire plus<span class=\"screen-reader-text\"> Webinaire Projet \u00c9panouir<\/span><span class=\"kadence-svg-iconset svg-baseline\"><svg aria-hidden=\"true\" class=\"kadence-svg-icon kadence-arrow-right-alt-svg\" fill=\"currentColor\" version=\"1.1\" xmlns=\"http:\/\/www.w3.org\/2000\/svg\" width=\"27\" height=\"28\" viewBox=\"0 0 27 28\"><title>Continue<\/title><path d=\"M27 13.953c0 0.141-0.063 0.281-0.156 0.375l-6 5.531c-0.156 0.141-0.359 0.172-0.547 0.094-0.172-0.078-0.297-0.25-0.297-0.453v-3.5h-19.5c-0.281 0-0.5-0.219-0.5-0.5v-3c0-0.281 0.219-0.5 0.5-0.5h19.5v-3.5c0-0.203 0.109-0.375 0.297-0.453s0.391-0.047 0.547 0.078l6 5.469c0.094 0.094 0.156 0.219 0.156 0.359v0z\"><\/path>\n\t\t\t<\/svg><\/span>\t\t\t\t<\/a>\n\t\t\t<\/p>\n\t\t<\/div><!-- .entry-actions -->\n\t\t<\/footer><!-- .entry-footer -->\t<\/div>\n<\/article>\n<article class=\"entry content-bg loop-entry post-5299 post type-post status-publish format-standard has-post-thumbnail hentry category-uncategorized\">\n\t\t\t<a class=\"post-thumbnail kadence-thumbnail-ratio-2-3\" href=\"https:\/\/www.carrefourfgafp.ca\/ServicesEducatifsComplementaires\/2023\/11\/13\/la-demarche-hors-piste\/\">\n\t\t\t<div class=\"post-thumbnail-inner\">\n\t\t\t\t<img loading=\"lazy\" decoding=\"async\" width=\"768\" height=\"512\" src=\"https:\/\/www.carrefourfgafp.ca\/ServicesEducatifsComplementaires\/wp-content\/uploads\/2023\/11\/SEC_Causeries_virtuelles-16mai2023-768x512.jpeg\" class=\"attachment-medium_large size-medium_large wp-post-image\" alt=\"La d\u00e9marche HORS-PISTE\" srcset=\"https:\/\/www.carrefourfgafp.ca\/ServicesEducatifsComplementaires\/wp-content\/uploads\/2023\/11\/SEC_Causeries_virtuelles-16mai2023-768x512.jpeg 768w, https:\/\/www.carrefourfgafp.ca\/ServicesEducatifsComplementaires\/wp-content\/uploads\/2023\/11\/SEC_Causeries_virtuelles-16mai2023-300x200.jpeg 300w, https:\/\/www.carrefourfgafp.ca\/ServicesEducatifsComplementaires\/wp-content\/uploads\/2023\/11\/SEC_Causeries_virtuelles-16mai2023-1024x683.jpeg 1024w, https:\/\/www.carrefourfgafp.ca\/ServicesEducatifsComplementaires\/wp-content\/uploads\/2023\/11\/SEC_Causeries_virtuelles-16mai2023.jpeg 1500w\" sizes=\"auto, (max-width: 768px) 100vw, 768px\" \/>\t\t\t<\/div>\n\t\t<\/a><!-- .post-thumbnail -->\n\t\t\t<div class=\"entry-content-wrap\">\n\t\t<header class=\"entry-header\">\n\t<h3 class=\"entry-title\"><a href=\"https:\/\/www.carrefourfgafp.ca\/ServicesEducatifsComplementaires\/2023\/11\/13\/la-demarche-hors-piste\/\" rel=\"bookmark\">La d\u00e9marche HORS-PISTE<\/a><\/h3>\t<div class=\"entry-meta entry-meta-divider-dot\">\n\t\t<\/div><!-- .entry-meta -->\n\t<\/header><!-- .entry-header -->\n<footer class=\"entry-footer\">\n\t\t\t<div class=\"entry-actions\">\n\t\t\t<p class=\"more-link-wrap\">\n\t\t\t\t<a href=\"https:\/\/www.carrefourfgafp.ca\/ServicesEducatifsComplementaires\/2023\/11\/13\/la-demarche-hors-piste\/\" class=\"post-more-link\">\n\t\t\t\t\tLire plus<span class=\"screen-reader-text\"> La d\u00e9marche HORS-PISTE<\/span><span class=\"kadence-svg-iconset svg-baseline\"><svg aria-hidden=\"true\" class=\"kadence-svg-icon kadence-arrow-right-alt-svg\" fill=\"currentColor\" version=\"1.1\" xmlns=\"http:\/\/www.w3.org\/2000\/svg\" width=\"27\" height=\"28\" viewBox=\"0 0 27 28\"><title>Continue<\/title><path d=\"M27 13.953c0 0.141-0.063 0.281-0.156 0.375l-6 5.531c-0.156 0.141-0.359 0.172-0.547 0.094-0.172-0.078-0.297-0.25-0.297-0.453v-3.5h-19.5c-0.281 0-0.5-0.219-0.5-0.5v-3c0-0.281 0.219-0.5 0.5-0.5h19.5v-3.5c0-0.203 0.109-0.375 0.297-0.453s0.391-0.047 0.547 0.078l6 5.469c0.094 0.094 0.156 0.219 0.156 0.359v0z\"><\/path>\n\t\t\t<\/svg><\/span>\t\t\t\t<\/a>\n\t\t\t<\/p>\n\t\t<\/div><!-- .entry-actions -->\n\t\t<\/footer><!-- .entry-footer -->\t<\/div>\n<\/article>\n<article class=\"entry content-bg loop-entry post-5297 post type-post status-publish format-standard has-post-thumbnail hentry category-uncategorized\">\n\t\t\t<a class=\"post-thumbnail kadence-thumbnail-ratio-2-3\" href=\"https:\/\/www.carrefourfgafp.ca\/ServicesEducatifsComplementaires\/2023\/11\/13\/mieux-accompagner-les-personnes-issues-de-limmigration\/\">\n\t\t\t<div class=\"post-thumbnail-inner\">\n\t\t\t\t<img loading=\"lazy\" decoding=\"async\" width=\"768\" height=\"512\" src=\"https:\/\/www.carrefourfgafp.ca\/ServicesEducatifsComplementaires\/wp-content\/uploads\/2023\/11\/immigration-17mai2023-768x512.jpeg\" class=\"attachment-medium_large size-medium_large wp-post-image\" alt=\"Mieux accompagner les personnes issues de l\u2019immigration\" srcset=\"https:\/\/www.carrefourfgafp.ca\/ServicesEducatifsComplementaires\/wp-content\/uploads\/2023\/11\/immigration-17mai2023-768x512.jpeg 768w, https:\/\/www.carrefourfgafp.ca\/ServicesEducatifsComplementaires\/wp-content\/uploads\/2023\/11\/immigration-17mai2023-300x200.jpeg 300w, https:\/\/www.carrefourfgafp.ca\/ServicesEducatifsComplementaires\/wp-content\/uploads\/2023\/11\/immigration-17mai2023-1024x683.jpeg 1024w, https:\/\/www.carrefourfgafp.ca\/ServicesEducatifsComplementaires\/wp-content\/uploads\/2023\/11\/immigration-17mai2023.jpeg 1500w\" sizes=\"auto, (max-width: 768px) 100vw, 768px\" \/>\t\t\t<\/div>\n\t\t<\/a><!-- .post-thumbnail -->\n\t\t\t<div class=\"entry-content-wrap\">\n\t\t<header class=\"entry-header\">\n\t<h3 class=\"entry-title\"><a href=\"https:\/\/www.carrefourfgafp.ca\/ServicesEducatifsComplementaires\/2023\/11\/13\/mieux-accompagner-les-personnes-issues-de-limmigration\/\" rel=\"bookmark\">Mieux accompagner les personnes issues de l\u2019immigration<\/a><\/h3>\t<div class=\"entry-meta entry-meta-divider-dot\">\n\t\t<\/div><!-- .entry-meta -->\n\t<\/header><!-- .entry-header -->\n<footer class=\"entry-footer\">\n\t\t\t<div class=\"entry-actions\">\n\t\t\t<p class=\"more-link-wrap\">\n\t\t\t\t<a href=\"https:\/\/www.carrefourfgafp.ca\/ServicesEducatifsComplementaires\/2023\/11\/13\/mieux-accompagner-les-personnes-issues-de-limmigration\/\" class=\"post-more-link\">\n\t\t\t\t\tLire plus<span class=\"screen-reader-text\"> Mieux accompagner les personnes issues de l\u2019immigration<\/span><span class=\"kadence-svg-iconset svg-baseline\"><svg aria-hidden=\"true\" class=\"kadence-svg-icon kadence-arrow-right-alt-svg\" fill=\"currentColor\" version=\"1.1\" xmlns=\"http:\/\/www.w3.org\/2000\/svg\" width=\"27\" height=\"28\" viewBox=\"0 0 27 28\"><title>Continue<\/title><path d=\"M27 13.953c0 0.141-0.063 0.281-0.156 0.375l-6 5.531c-0.156 0.141-0.359 0.172-0.547 0.094-0.172-0.078-0.297-0.25-0.297-0.453v-3.5h-19.5c-0.281 0-0.5-0.219-0.5-0.5v-3c0-0.281 0.219-0.5 0.5-0.5h19.5v-3.5c0-0.203 0.109-0.375 0.297-0.453s0.391-0.047 0.547 0.078l6 5.469c0.094 0.094 0.156 0.219 0.156 0.359v0z\"><\/path>\n\t\t\t<\/svg><\/span>\t\t\t\t<\/a>\n\t\t\t<\/p>\n\t\t<\/div><!-- .entry-actions -->\n\t\t<\/footer><!-- .entry-footer -->\t<\/div>\n<\/article>\n<article class=\"entry content-bg loop-entry post-3962 post type-post status-publish format-standard has-post-thumbnail hentry category-uncategorized\">\n\t\t\t<a class=\"post-thumbnail kadence-thumbnail-ratio-2-3\" href=\"https:\/\/www.carrefourfgafp.ca\/ServicesEducatifsComplementaires\/2023\/10\/12\/favoriser-le-retour-aux-etudes-et-la-perseverance-scolaire-des-femmes-monoparentales-en-fga-et-en-fp\/\">\n\t\t\t<div class=\"post-thumbnail-inner\">\n\t\t\t\t<img loading=\"lazy\" decoding=\"async\" width=\"768\" height=\"512\" src=\"https:\/\/www.carrefourfgafp.ca\/ServicesEducatifsComplementaires\/wp-content\/uploads\/2023\/10\/femmes-monoparentales-768x512.jpg\" class=\"attachment-medium_large size-medium_large wp-post-image\" alt=\"Favoriser le retour aux \u00e9tudes et la pers\u00e9v\u00e9rance scolaire des femmes monoparentales en FGA et en FP\" srcset=\"https:\/\/www.carrefourfgafp.ca\/ServicesEducatifsComplementaires\/wp-content\/uploads\/2023\/10\/femmes-monoparentales-768x512.jpg 768w, https:\/\/www.carrefourfgafp.ca\/ServicesEducatifsComplementaires\/wp-content\/uploads\/2023\/10\/femmes-monoparentales-300x200.jpg 300w, https:\/\/www.carrefourfgafp.ca\/ServicesEducatifsComplementaires\/wp-content\/uploads\/2023\/10\/femmes-monoparentales-1024x682.jpg 1024w, https:\/\/www.carrefourfgafp.ca\/ServicesEducatifsComplementaires\/wp-content\/uploads\/2023\/10\/femmes-monoparentales-1536x1024.jpg 1536w, https:\/\/www.carrefourfgafp.ca\/ServicesEducatifsComplementaires\/wp-content\/uploads\/2023\/10\/femmes-monoparentales.jpg 1613w\" sizes=\"auto, (max-width: 768px) 100vw, 768px\" \/>\t\t\t<\/div>\n\t\t<\/a><!-- .post-thumbnail -->\n\t\t\t<div class=\"entry-content-wrap\">\n\t\t<header class=\"entry-header\">\n\t<h3 class=\"entry-title\"><a href=\"https:\/\/www.carrefourfgafp.ca\/ServicesEducatifsComplementaires\/2023\/10\/12\/favoriser-le-retour-aux-etudes-et-la-perseverance-scolaire-des-femmes-monoparentales-en-fga-et-en-fp\/\" rel=\"bookmark\">Favoriser le retour aux \u00e9tudes et la pers\u00e9v\u00e9rance scolaire des femmes monoparentales en FGA et en FP<\/a><\/h3>\t<div class=\"entry-meta entry-meta-divider-dot\">\n\t\t<\/div><!-- .entry-meta -->\n\t<\/header><!-- .entry-header -->\n<footer class=\"entry-footer\">\n\t\t\t<div class=\"entry-actions\">\n\t\t\t<p class=\"more-link-wrap\">\n\t\t\t\t<a href=\"https:\/\/www.carrefourfgafp.ca\/ServicesEducatifsComplementaires\/2023\/10\/12\/favoriser-le-retour-aux-etudes-et-la-perseverance-scolaire-des-femmes-monoparentales-en-fga-et-en-fp\/\" class=\"post-more-link\">\n\t\t\t\t\tLire plus<span class=\"screen-reader-text\"> Favoriser le retour aux \u00e9tudes et la pers\u00e9v\u00e9rance scolaire des femmes monoparentales en FGA et en FP<\/span><span class=\"kadence-svg-iconset svg-baseline\"><svg aria-hidden=\"true\" class=\"kadence-svg-icon kadence-arrow-right-alt-svg\" fill=\"currentColor\" version=\"1.1\" xmlns=\"http:\/\/www.w3.org\/2000\/svg\" width=\"27\" height=\"28\" viewBox=\"0 0 27 28\"><title>Continue<\/title><path d=\"M27 13.953c0 0.141-0.063 0.281-0.156 0.375l-6 5.531c-0.156 0.141-0.359 0.172-0.547 0.094-0.172-0.078-0.297-0.25-0.297-0.453v-3.5h-19.5c-0.281 0-0.5-0.219-0.5-0.5v-3c0-0.281 0.219-0.5 0.5-0.5h19.5v-3.5c0-0.203 0.109-0.375 0.297-0.453s0.391-0.047 0.547 0.078l6 5.469c0.094 0.094 0.156 0.219 0.156 0.359v0z\"><\/path>\n\t\t\t<\/svg><\/span>\t\t\t\t<\/a>\n\t\t\t<\/p>\n\t\t<\/div><!-- .entry-actions -->\n\t\t<\/footer><!-- .entry-footer -->\t<\/div>\n<\/article>\n<\/div><\/div>\n","protected":false},"excerpt":{"rendered":"<p>Trouver un webinaire pour vous<\/p>\n","protected":false},"author":2,"featured_media":0,"parent":0,"menu_order":0,"comment_status":"closed","ping_status":"closed","template":"","meta":{"_acf_changed":false,"inline_featured_image":false,"_uag_custom_page_level_css":".post-thumbnail{\n\tborder-radius:10px;\n}\n.entry-title a:hover{\n\tcolor:#009ee2;\n}\n\n\n\/*.wp-block-search__button{\n\tmargin-left:unset;\n\tborder-bottom-left-radius:unset !important;\n\tborder-top-left-radius: unset !important\n}\n.uagb-post-grid.is-grid.uagb-post__image-position-top .uagb-post__image a[class^=\"uagb-image-ratio-\"]&gt;img{\n\tborder-top-left-radius: 8px;\n\tborder-top-right-radius:8px;\n}\n*\/\n.entry-taxonomies{\n\tdisplay:none !important;\n}","_monsterinsights_skip_tracking":false,"_monsterinsights_sitenote_active":false,"_monsterinsights_sitenote_note":"","_monsterinsights_sitenote_category":0,"site-sidebar-layout":"default","site-content-layout":"","ast-site-content-layout":"default","site-content-style":"default","site-sidebar-style":"default","ast-global-header-display":"","ast-banner-title-visibility":"","ast-main-header-display":"","ast-hfb-above-header-display":"","ast-hfb-below-header-display":"","ast-hfb-mobile-header-display":"","site-post-title":"disabled","ast-breadcrumbs-content":"","ast-featured-img":"","footer-sml-layout":"","theme-transparent-header-meta":"","adv-header-id-meta":"","stick-header-meta":"","header-above-stick-meta":"","header-main-stick-meta":"","header-below-stick-meta":"","astra-migrate-meta-layouts":"set","ast-page-background-enabled":"default","ast-page-background-meta":{"desktop":{"background-color":"var(--ast-global-color-4)","background-image":"","background-repeat":"repeat","background-position":"center center","background-size":"auto","background-attachment":"scroll","background-type":"","background-media":"","overlay-type":"","overlay-color":"","overlay-gradient":""},"tablet":{"background-color":"","background-image":"","background-repeat":"repeat","background-position":"center center","background-size":"auto","background-attachment":"scroll","background-type":"","background-media":"","overlay-type":"","overlay-color":"","overlay-gradient":""},"mobile":{"background-color":"","background-image":"","background-repeat":"repeat","background-position":"center center","background-size":"auto","background-attachment":"scroll","background-type":"","background-media":"","overlay-type":"","overlay-color":"","overlay-gradient":""}},"ast-content-background-meta":{"desktop":{"background-color":"var(--ast-global-color-5)","background-image":"","background-repeat":"repeat","background-position":"center center","background-size":"auto","background-attachment":"scroll","background-type":"","background-media":"","overlay-type":"","overlay-color":"","overlay-gradient":""},"tablet":{"background-color":"var(--ast-global-color-5)","background-image":"","background-repeat":"repeat","background-position":"center center","background-size":"auto","background-attachment":"scroll","background-type":"","background-media":"","overlay-type":"","overlay-color":"","overlay-gradient":""},"mobile":{"background-color":"var(--ast-global-color-5)","background-image":"","background-repeat":"repeat","background-position":"center center","background-size":"auto","background-attachment":"scroll","background-type":"","background-media":"","overlay-type":"","overlay-color":"","overlay-gradient":""}},"footnotes":""},"class_list":["post-3736","page","type-page","status-publish","hentry"],"acf":[],"uagb_featured_image_src":{"full":false,"thumbnail":false,"medium":false,"medium_large":false,"large":false,"1536x1536":false,"2048x2048":false},"uagb_author_info":{"display_name":"Kanha Chap","author_link":"https:\/\/www.carrefourfgafp.ca\/ServicesEducatifsComplementaires\/author\/admin_sec\/"},"uagb_comment_info":0,"uagb_excerpt":"Trouver un webinaire pour vous","_links":{"self":[{"href":"https:\/\/www.carrefourfgafp.ca\/ServicesEducatifsComplementaires\/wp-json\/wp\/v2\/pages\/3736","targetHints":{"allow":["GET"]}}],"collection":[{"href":"https:\/\/www.carrefourfgafp.ca\/ServicesEducatifsComplementaires\/wp-json\/wp\/v2\/pages"}],"about":[{"href":"https:\/\/www.carrefourfgafp.ca\/ServicesEducatifsComplementaires\/wp-json\/wp\/v2\/types\/page"}],"author":[{"embeddable":true,"href":"https:\/\/www.carrefourfgafp.ca\/ServicesEducatifsComplementaires\/wp-json\/wp\/v2\/users\/2"}],"replies":[{"embeddable":true,"href":"https:\/\/www.carrefourfgafp.ca\/ServicesEducatifsComplementaires\/wp-json\/wp\/v2\/comments?post=3736"}],"version-history":[{"count":31,"href":"https:\/\/www.carrefourfgafp.ca\/ServicesEducatifsComplementaires\/wp-json\/wp\/v2\/pages\/3736\/revisions"}],"predecessor-version":[{"id":9984,"href":"https:\/\/www.carrefourfgafp.ca\/ServicesEducatifsComplementaires\/wp-json\/wp\/v2\/pages\/3736\/revisions\/9984"}],"wp:attachment":[{"href":"https:\/\/www.carrefourfgafp.ca\/ServicesEducatifsComplementaires\/wp-json\/wp\/v2\/media?parent=3736"}],"curies":[{"name":"wp","href":"https:\/\/api.w.org\/{rel}","templated":true}]}}